{"id":4310,"date":"2013-04-17T08:25:31","date_gmt":"2013-04-17T06:25:31","guid":{"rendered":"http:\/\/recarprofi.cz\/?page_id=4310"},"modified":"2026-01-08T11:24:37","modified_gmt":"2026-01-08T10:24:37","slug":"10-15btr-9","status":"publish","type":"page","link":"https:\/\/recarprofi.cz\/uvod\/manipulacni-technika\/vysokozdvizne-voziky-hyundai\/elektricke\/10-15btr-9\/","title":{"rendered":"Vysokozdvi\u017en\u00e9 voz\u00edky Hyundai 10\/15 BTR &#8211; 9"},"content":{"rendered":"\t\t<div data-elementor-type=\"wp-page\" data-elementor-id=\"4310\" class=\"elementor elementor-4310\">\n\t\t\t\t\t\t<section class=\"elementor-section elementor-top-section elementor-element elementor-element-3a647647 elementor-section-boxed elementor-section-height-default elementor-section-height-default\" data-id=\"3a647647\" data-element_type=\"section\" data-e-type=\"section\">\n\t\t\t\t\t\t<div class=\"elementor-container elementor-column-gap-default\">\n\t\t\t\t\t<div class=\"elementor-column elementor-col-100 elementor-top-column elementor-element elementor-element-365c9080\" data-id=\"365c9080\" data-element_type=\"column\" data-e-type=\"column\">\n\t\t\t<div class=\"elementor-widget-wrap elementor-element-populated\">\n\t\t\t\t\t\t<div class=\"elementor-element elementor-element-38b428f5 elementor-widget elementor-widget-text-editor\" data-id=\"38b428f5\" data-element_type=\"widget\" data-e-type=\"widget\" data-widget_type=\"text-editor.default\">\n\t\t\t\t<div class=\"elementor-widget-container\">\n\t\t\t\t\t\t\t\t\t<p><a href=\"https:\/\/recarprofi.cz\/wp-content\/uploads\/2019\/10\/hyundai-15btr-9-e1570707562187.png\"><img fetchpriority=\"high\" decoding=\"async\" class=\"size-medium wp-image-15259 aligncenter\" src=\"https:\/\/recarprofi.cz\/wp-content\/uploads\/2019\/10\/hyundai-15btr-9-744x496.png\" alt=\"\" width=\"744\" height=\"496\" \/><\/a><\/p><p><span style=\"color: #339966;\"><em><strong>Vysokozdvi\u017en\u00e9 voz\u00edky Hyundai na elektrick\u00fd pohon, s nosnosti od 1 do 1,5t.<\/strong><\/em><\/span><\/p><p><span style=\"color: #000000;\"><em><strong>Hyundai p\u0159edstavuje nov\u00e9 elektrick\u00e9 vysokozdvi\u017en\u00e9 voz\u00edk\u016f \u0159ady 9. Nov\u011b navr\u017een\u00e9 voz\u00edky poskytnou ka\u017ed\u00e9mu provozovateli hladk\u00fd chod, dobr\u00e9 manipula\u010dn\u00ed schopnost\u00ed, zv\u00fd\u0161i produktivitu a snadnou \u00fadr\u017ebu. Ergonomicky tvarovan\u00fd prostor \u0159idi\u010de je pohodln\u011bj\u0161\u00ed.<\/strong><\/em><\/span><\/p><p><span style=\"color: #339966;\"><strong>Parametry:<\/strong><\/span><\/p><table border=\"1\" cellspacing=\"0\" cellpadding=\"0\"><tbody><tr><td valign=\"top\"><span style=\"color: #339966;\"><strong><em>Typ voz\u00edku<\/em><\/strong><\/span><\/td><td valign=\"top\"><span style=\"color: #339966;\"><strong><em>10BTR-9<\/em><\/strong><\/span><\/td><td valign=\"top\"><span style=\"color: #339966;\"><strong><em>13BTR-9<\/em><\/strong><\/span><\/td><td valign=\"top\"><span style=\"color: #339966;\"><strong><em>15BTR-9<\/em><\/strong><\/span><\/td><\/tr><tr><td valign=\"top\"><strong><em>Pohon<\/em><\/strong><\/td><td valign=\"top\">Elektrick\u00fd<\/td><td valign=\"top\">Elektrick\u00fd<\/td><td valign=\"top\">Elektrick\u00fd<\/td><\/tr><tr><td valign=\"top\"><em><strong>Nosnost<\/strong><\/em><\/td><td valign=\"top\">1000 kg<\/td><td valign=\"top\">1300 kg<\/td><td valign=\"top\">1500 kg<\/td><\/tr><tr><td valign=\"top\"><strong><em>Vylo\u017een\u00ed t\u011b\u017ei\u0161t\u011b<\/em><\/strong><\/td><td valign=\"top\">500 mm<\/td><td valign=\"top\">500 mm<\/td><td valign=\"top\">500 mm<\/td><\/tr><tr><td valign=\"top\"><strong><em>Vlastn\u00ed hmotnost<\/em><\/strong><\/td><td valign=\"top\">2390 kg<\/td><td valign=\"top\">2610 kg<\/td><td valign=\"top\">2850\u00a0kg<\/td><\/tr><tr><td valign=\"top\"><em><strong>Pneumatiky p\u0159edn\u00ed<\/strong><\/em><\/td><td valign=\"top\">18\u00d77-8<\/td><td valign=\"top\">18\u00d77-8<\/td><td valign=\"top\">18&#215;7-8<\/td><\/tr><tr><td valign=\"top\"><strong><em>Pneumatiky zadn\u00ed<\/em><\/strong><\/td><td valign=\"top\">18&#215;7-8<\/td><td valign=\"top\">18&#215;7-8<\/td><td valign=\"top\">18&#215;7-8<\/td><\/tr><tr><td valign=\"top\"><em><strong>Rychlost pojezdu<\/strong><\/em><\/td><td valign=\"top\">13 km\/h<\/td><td valign=\"top\">13 km\/h<\/td><td valign=\"top\">13 km\/h<\/td><\/tr><tr><td valign=\"top\"><strong><em>Motor pojezdu<\/em><\/strong><\/td><td valign=\"top\">AC<\/td><td valign=\"top\">AC<\/td><td valign=\"top\">AC<\/td><\/tr><tr><td valign=\"top\"><em><strong>V\u00fdkon motoru<\/strong><\/em><\/td><td valign=\"top\">4,3 kW<\/td><td valign=\"top\">4,3 kW<\/td><td valign=\"top\">4,3 kW<\/td><\/tr><\/tbody><\/table><p><a href=\"https:\/\/recarprofi.cz\/wp-content\/uploads\/2019\/08\/hyundai-10-13-15btr-9.pdf\">Prospekt Hyundai 10-13-15btr-9<\/a><\/p><p><a href=\"https:\/\/recarprofi.cz\/wp-content\/uploads\/2019\/08\/hyundai-10btr-9-e1570625329884.jpg\"><img decoding=\"async\" class=\"size-medium wp-image-13338 aligncenter\" src=\"https:\/\/recarprofi.cz\/wp-content\/uploads\/2019\/08\/hyundai-10btr-9-744x539.jpg\" alt=\"\" width=\"744\" height=\"539\" \/><\/a><\/p><p><a href=\"https:\/\/recarprofi.cz\/wp-content\/uploads\/2019\/08\/hyundai-15bt-9.jpg\"><img decoding=\"async\" class=\"size-full wp-image-13337 aligncenter\" src=\"https:\/\/recarprofi.cz\/wp-content\/uploads\/2019\/08\/hyundai-15bt-9.jpg\" alt=\"\" width=\"600\" height=\"600\" srcset=\"https:\/\/recarprofi.cz\/wp-content\/uploads\/2019\/08\/hyundai-15bt-9.jpg 600w, https:\/\/recarprofi.cz\/wp-content\/uploads\/2019\/08\/hyundai-15bt-9-100x100.jpg 100w, https:\/\/recarprofi.cz\/wp-content\/uploads\/2019\/08\/hyundai-15bt-9-416x416.jpg 416w, https:\/\/recarprofi.cz\/wp-content\/uploads\/2019\/08\/hyundai-15bt-9-420x420.jpg 420w, https:\/\/recarprofi.cz\/wp-content\/uploads\/2019\/08\/hyundai-15bt-9-50x50.jpg 50w\" sizes=\"(max-width: 600px) 100vw, 600px\" \/><\/a><\/p>\t\t\t\t\t\t\t\t<\/div>\n\t\t\t\t<\/div>\n\t\t\t\t\t<\/div>\n\t\t<\/div>\n\t\t\t\t\t<\/div>\n\t\t<\/section>\n\t\t\t\t<\/div>\n\t\t","protected":false},"excerpt":{"rendered":"<p>Vysokozdvi\u017en\u00e9 voz\u00edky Hyundai na elektrick\u00fd pohon, s nosnosti od 1 do 1,5t. Hyundai p\u0159edstavuje nov\u00e9 elektrick\u00e9 vysokozdvi\u017en\u00e9 voz\u00edk\u016f \u0159ady 9. Nov\u011b navr\u017een\u00e9 voz\u00edky poskytnou ka\u017ed\u00e9mu provozovateli hladk\u00fd chod, dobr\u00e9 manipula\u010dn\u00ed schopnost\u00ed, zv\u00fd\u0161i produktivitu a snadnou&hellip;<\/p>\n","protected":false},"author":1,"featured_media":15259,"parent":468,"menu_order":1,"comment_status":"closed","ping_status":"closed","template":"","meta":{"footnotes":""},"class_list":["post-4310","page","type-page","status-publish","has-post-thumbnail","hentry"],"_links":{"self":[{"href":"https:\/\/recarprofi.cz\/uvod\/wp-json\/wp\/v2\/pages\/4310","targetHints":{"allow":["GET"]}}],"collection":[{"href":"https:\/\/recarprofi.cz\/uvod\/wp-json\/wp\/v2\/pages"}],"about":[{"href":"https:\/\/recarprofi.cz\/uvod\/wp-json\/wp\/v2\/types\/page"}],"author":[{"embeddable":true,"href":"https:\/\/recarprofi.cz\/uvod\/wp-json\/wp\/v2\/users\/1"}],"replies":[{"embeddable":true,"href":"https:\/\/recarprofi.cz\/uvod\/wp-json\/wp\/v2\/comments?post=4310"}],"version-history":[{"count":33,"href":"https:\/\/recarprofi.cz\/uvod\/wp-json\/wp\/v2\/pages\/4310\/revisions"}],"predecessor-version":[{"id":32650,"href":"https:\/\/recarprofi.cz\/uvod\/wp-json\/wp\/v2\/pages\/4310\/revisions\/32650"}],"up":[{"embeddable":true,"href":"https:\/\/recarprofi.cz\/uvod\/wp-json\/wp\/v2\/pages\/468"}],"wp:featuredmedia":[{"embeddable":true,"href":"https:\/\/recarprofi.cz\/uvod\/wp-json\/wp\/v2\/media\/15259"}],"wp:attachment":[{"href":"https:\/\/recarprofi.cz\/uvod\/wp-json\/wp\/v2\/media?parent=4310"}],"curies":[{"name":"wp","href":"https:\/\/api.w.org\/{rel}","templated":true}]}}