{"id":472,"date":"2013-02-03T13:42:15","date_gmt":"2013-02-03T12:42:15","guid":{"rendered":"http:\/\/recarprofi.cz\/?page_id=472"},"modified":"2026-01-08T11:36:51","modified_gmt":"2026-01-08T10:36:51","slug":"15-20bt-9","status":"publish","type":"page","link":"https:\/\/recarprofi.cz\/uvod\/manipulacni-technika\/vysokozdvizne-voziky-hyundai\/elektricke\/15-20bt-9\/","title":{"rendered":"Vysokozdvi\u017en\u00e9 voz\u00edky Hyundai 15\/20BT-9"},"content":{"rendered":"\t\t<div data-elementor-type=\"wp-page\" data-elementor-id=\"472\" class=\"elementor elementor-472\">\n\t\t\t\t\t\t<section class=\"elementor-section elementor-top-section elementor-element elementor-element-61aba497 elementor-section-boxed elementor-section-height-default elementor-section-height-default\" data-id=\"61aba497\" data-element_type=\"section\" data-e-type=\"section\">\n\t\t\t\t\t\t<div class=\"elementor-container elementor-column-gap-default\">\n\t\t\t\t\t<div class=\"elementor-column elementor-col-100 elementor-top-column elementor-element elementor-element-458e8179\" data-id=\"458e8179\" data-element_type=\"column\" data-e-type=\"column\">\n\t\t\t<div class=\"elementor-widget-wrap elementor-element-populated\">\n\t\t\t\t\t\t<div class=\"elementor-element elementor-element-16ecafbe elementor-widget elementor-widget-text-editor\" data-id=\"16ecafbe\" data-element_type=\"widget\" data-e-type=\"widget\" data-widget_type=\"text-editor.default\">\n\t\t\t\t<div class=\"elementor-widget-container\">\n\t\t\t\t\t\t\t\t\t<p><span style=\"color: #008000;\"><em><strong><a href=\"https:\/\/recarprofi.cz\/wp-content\/uploads\/2019\/08\/hyundai-15bt-9.jpg\"><img fetchpriority=\"high\" decoding=\"async\" class=\"size-full wp-image-13337 aligncenter\" src=\"https:\/\/recarprofi.cz\/wp-content\/uploads\/2019\/08\/hyundai-15bt-9.jpg\" alt=\"\" width=\"600\" height=\"600\" srcset=\"https:\/\/recarprofi.cz\/wp-content\/uploads\/2019\/08\/hyundai-15bt-9.jpg 600w, https:\/\/recarprofi.cz\/wp-content\/uploads\/2019\/08\/hyundai-15bt-9-100x100.jpg 100w, https:\/\/recarprofi.cz\/wp-content\/uploads\/2019\/08\/hyundai-15bt-9-416x416.jpg 416w, https:\/\/recarprofi.cz\/wp-content\/uploads\/2019\/08\/hyundai-15bt-9-420x420.jpg 420w, https:\/\/recarprofi.cz\/wp-content\/uploads\/2019\/08\/hyundai-15bt-9-50x50.jpg 50w\" sizes=\"(max-width: 600px) 100vw, 600px\" \/><\/a>Vysokozdvi\u017en\u00e9 voz\u00edky Hyundai na elektrick\u00fd pohon, s nosnosti od 1,5 do 2t.<\/strong><\/em><\/span><\/p><p><strong>Tato \u0159ada voz\u00edk\u016f je navr\u017eena a zkonstrujov\u00e1na tak, aby poskytovala vynikaj\u00edc\u00ed stabilitu a plynulou jizdu.<\/strong><\/p><p><span style=\"color: #008000;\"><strong>Parametry:<\/strong><\/span><\/p><table border=\"1\" cellspacing=\"0\" cellpadding=\"0\"><tbody><tr><td valign=\"top\"><span style=\"color: #008000;\"><strong><em>Typ voz\u00edku\u00a0\u00a0\u00a0\u00a0\u00a0\u00a0\u00a0\u00a0\u00a0\u00a0\u00a0\u00a0\u00a0\u00a0\u00a0\u00a0\u00a0\u00a0\u00a0\u00a0\u00a0\u00a0\u00a0 <\/em><\/strong><\/span><\/td><td valign=\"top\"><span style=\"color: #008000;\"><strong><em>15BT-9\u00a0\u00a0\u00a0\u00a0\u00a0\u00a0\u00a0\u00a0\u00a0\u00a0\u00a0\u00a0 \u00a0<\/em><\/strong><\/span><\/td><td valign=\"top\"><span style=\"color: #008000;\"><strong><em>18BT-9\u00a0\u00a0\u00a0\u00a0\u00a0\u00a0\u00a0 \u00a0\u00a0\u00a0\u00a0\u00a0 <\/em><\/strong><\/span><\/td><td valign=\"top\"><span style=\"color: #008000;\"><strong><em>20BT-9\u00a0\u00a0\u00a0\u00a0\u00a0\u00a0\u00a0\u00a0\u00a0\u00a0\u00a0\u00a0\u00a0 <\/em><\/strong><\/span><\/td><\/tr><tr><td valign=\"top\"><strong><em>ohon<\/em><\/strong><\/td><td valign=\"top\">Elektrick\u00fd<\/td><td valign=\"top\">Elektrick\u00fd<\/td><td valign=\"top\">Elektrick\u00fd<\/td><\/tr><tr><td valign=\"top\"><em><strong>Nosnost<\/strong><\/em><\/td><td valign=\"top\">1500 kg<\/td><td valign=\"top\">1800 kg<\/td><td valign=\"top\">2000 kg<\/td><\/tr><tr><td valign=\"top\"><strong><em>Vylo\u017een\u00ed t\u011b\u017ei\u0161t\u011b<\/em><\/strong><\/td><td valign=\"top\">500 mm<\/td><td valign=\"top\">500 mm<\/td><td valign=\"top\">500 mm<\/td><\/tr><tr><td valign=\"top\"><strong><em>Vlastn\u00ed hmotnost<\/em><\/strong><\/td><td valign=\"top\">3125\u00a0kg<\/td><td valign=\"top\">3365 kg<\/td><td valign=\"top\">3500 kg<\/td><\/tr><tr><td valign=\"top\"><em><strong>Pneumatiky p\u0159edn\u00ed<\/strong><\/em><\/td><td valign=\"top\">18&#215;7-8<\/td><td valign=\"top\">18&#215;7-8<\/td><td valign=\"top\">200\/50-10<\/td><\/tr><tr><td valign=\"top\"><strong><em>Pneumatiky zadn\u00ed<\/em><\/strong><\/td><td valign=\"top\">15&#215;4,5-8<\/td><td valign=\"top\">15&#215;4,5-8<\/td><td valign=\"top\">15&#215;4,5-8<\/td><\/tr><tr><td valign=\"top\"><em><strong>Rychlost pojezdu<\/strong><\/em><\/td><td valign=\"top\">16 km\/h<\/td><td valign=\"top\">16 km\/h<\/td><td valign=\"top\">16 km\/h<\/td><\/tr><tr><td valign=\"top\"><strong><em>Motor pojezdu<\/em><\/strong><\/td><td valign=\"top\">AC<\/td><td valign=\"top\">AC<\/td><td valign=\"top\">AC<\/td><\/tr><tr><td valign=\"top\"><em><strong>V\u00fdkon motoru<\/strong><\/em><\/td><td valign=\"top\">4,7 kW<\/td><td valign=\"top\">4,7 kW<\/td><td valign=\"top\">4,7 kW<\/td><\/tr><\/tbody><\/table><p>\u00a0<\/p><p><a href=\"https:\/\/recarprofi.cz\/wp-content\/uploads\/2019\/08\/hyundai-10btr-9-e1570625329884.jpg\"><img decoding=\"async\" class=\"size-medium wp-image-13338 aligncenter\" src=\"https:\/\/recarprofi.cz\/wp-content\/uploads\/2019\/08\/hyundai-10btr-9-744x539.jpg\" alt=\"\" width=\"744\" height=\"539\" \/><\/a><\/p><p><a href=\"https:\/\/recarprofi.cz\/wp-content\/uploads\/2019\/10\/hyundai-15btr-9-e1570707562187.png\"><img decoding=\"async\" class=\"size-medium wp-image-15259 aligncenter\" src=\"https:\/\/recarprofi.cz\/wp-content\/uploads\/2019\/10\/hyundai-15btr-9-744x496.png\" alt=\"\" width=\"744\" height=\"496\" \/><\/a><\/p><p>\u00a0<\/p>\t\t\t\t\t\t\t\t<\/div>\n\t\t\t\t<\/div>\n\t\t\t\t\t<\/div>\n\t\t<\/div>\n\t\t\t\t\t<\/div>\n\t\t<\/section>\n\t\t\t\t<\/div>\n\t\t","protected":false},"excerpt":{"rendered":"<p>Vysokozdvi\u017en\u00e9 voz\u00edky Hyundai na elektrick\u00fd pohon, s nosnosti od 1,5 do 2t. Tato \u0159ada voz\u00edk\u016f je navr\u017eena a zkonstrujov\u00e1na tak, aby poskytovala vynikaj\u00edc\u00ed stabilitu a plynulou jizdu. Parametry: Typ voz\u00edku\u00a0\u00a0\u00a0\u00a0\u00a0\u00a0\u00a0\u00a0\u00a0\u00a0\u00a0\u00a0\u00a0\u00a0\u00a0\u00a0\u00a0\u00a0\u00a0\u00a0\u00a0\u00a0\u00a0 15BT-9\u00a0\u00a0\u00a0\u00a0\u00a0\u00a0\u00a0\u00a0\u00a0\u00a0\u00a0\u00a0 \u00a0 18BT-9\u00a0\u00a0\u00a0\u00a0\u00a0\u00a0\u00a0 \u00a0\u00a0\u00a0\u00a0\u00a0 20BT-9\u00a0\u00a0\u00a0\u00a0\u00a0\u00a0\u00a0\u00a0\u00a0\u00a0\u00a0\u00a0\u00a0&hellip;<\/p>\n","protected":false},"author":1,"featured_media":13337,"parent":468,"menu_order":2,"comment_status":"closed","ping_status":"closed","template":"","meta":{"footnotes":""},"class_list":["post-472","page","type-page","status-publish","has-post-thumbnail","hentry"],"_links":{"self":[{"href":"https:\/\/recarprofi.cz\/uvod\/wp-json\/wp\/v2\/pages\/472","targetHints":{"allow":["GET"]}}],"collection":[{"href":"https:\/\/recarprofi.cz\/uvod\/wp-json\/wp\/v2\/pages"}],"about":[{"href":"https:\/\/recarprofi.cz\/uvod\/wp-json\/wp\/v2\/types\/page"}],"author":[{"embeddable":true,"href":"https:\/\/recarprofi.cz\/uvod\/wp-json\/wp\/v2\/users\/1"}],"replies":[{"embeddable":true,"href":"https:\/\/recarprofi.cz\/uvod\/wp-json\/wp\/v2\/comments?post=472"}],"version-history":[{"count":33,"href":"https:\/\/recarprofi.cz\/uvod\/wp-json\/wp\/v2\/pages\/472\/revisions"}],"predecessor-version":[{"id":32654,"href":"https:\/\/recarprofi.cz\/uvod\/wp-json\/wp\/v2\/pages\/472\/revisions\/32654"}],"up":[{"embeddable":true,"href":"https:\/\/recarprofi.cz\/uvod\/wp-json\/wp\/v2\/pages\/468"}],"wp:featuredmedia":[{"embeddable":true,"href":"https:\/\/recarprofi.cz\/uvod\/wp-json\/wp\/v2\/media\/13337"}],"wp:attachment":[{"href":"https:\/\/recarprofi.cz\/uvod\/wp-json\/wp\/v2\/media?parent=472"}],"curies":[{"name":"wp","href":"https:\/\/api.w.org\/{rel}","templated":true}]}}