{"id":485,"date":"2013-02-03T14:04:10","date_gmt":"2013-02-03T13:04:10","guid":{"rendered":"http:\/\/recarprofi.cz\/?page_id=485"},"modified":"2024-04-10T13:57:14","modified_gmt":"2024-04-10T11:57:14","slug":"16-20b-9","status":"publish","type":"page","link":"https:\/\/recarprofi.cz\/uvod\/manipulacni-technika\/vysokozdvizne-voziky-hyundai\/elektricke\/16-20b-9\/","title":{"rendered":"Vysokozdvi\u017en\u00e9 voz\u00edky Hyundai 16\/20B-9"},"content":{"rendered":"\t\t<div data-elementor-type=\"wp-page\" data-elementor-id=\"485\" class=\"elementor elementor-485\">\n\t\t\t\t\t\t<section class=\"elementor-section elementor-top-section elementor-element elementor-element-7d6670f1 elementor-section-boxed elementor-section-height-default elementor-section-height-default\" data-id=\"7d6670f1\" data-element_type=\"section\" data-e-type=\"section\">\n\t\t\t\t\t\t<div class=\"elementor-container elementor-column-gap-default\">\n\t\t\t\t\t<div class=\"elementor-column elementor-col-100 elementor-top-column elementor-element elementor-element-7018fb02\" data-id=\"7018fb02\" data-element_type=\"column\" data-e-type=\"column\">\n\t\t\t<div class=\"elementor-widget-wrap elementor-element-populated\">\n\t\t\t\t\t\t<div class=\"elementor-element elementor-element-4fa6da1f elementor-widget elementor-widget-text-editor\" data-id=\"4fa6da1f\" data-element_type=\"widget\" data-e-type=\"widget\" data-widget_type=\"text-editor.default\">\n\t\t\t\t<div class=\"elementor-widget-container\">\n\t\t\t\t\t\t\t\t\t<p><a href=\"http:\/\/recarprofi.cz\/wp-content\/uploads\/2019\/03\/hyundai-16b-9.jpg\"><img fetchpriority=\"high\" decoding=\"async\" class=\"aligncenter wp-image-11754 size-large\" src=\"https:\/\/recarprofi.cz\/wp-content\/uploads\/2019\/03\/hyundai-16b-9-1200x860.jpg\" alt=\"\" width=\"1140\" height=\"817\" srcset=\"https:\/\/recarprofi.cz\/wp-content\/uploads\/2019\/03\/hyundai-16b-9-1200x860.jpg 1200w, https:\/\/recarprofi.cz\/wp-content\/uploads\/2019\/03\/hyundai-16b-9-600x430.jpg 600w, https:\/\/recarprofi.cz\/wp-content\/uploads\/2019\/03\/hyundai-16b-9-420x301.jpg 420w, https:\/\/recarprofi.cz\/wp-content\/uploads\/2019\/03\/hyundai-16b-9-744x533.jpg 744w, https:\/\/recarprofi.cz\/wp-content\/uploads\/2019\/03\/hyundai-16b-9-768x550.jpg 768w\" sizes=\"(max-width: 1140px) 100vw, 1140px\" \/><\/a><\/p><p><span style=\"color: #008000;\"><em><strong>Vysokozdvi\u017en\u00e9 voz\u00edky Hyundai na elektrick\u00fd pohon,\u00a0s nosnosti od 1,6 do 2t.<\/strong><\/em><\/span><\/p><p><span style=\"color: #008000;\"><strong>Parametry:<\/strong><\/span><\/p><table border=\"1\" cellspacing=\"0\" cellpadding=\"0\"><tbody><tr><td valign=\"top\"><span style=\"color: #008000;\"><strong><em>Typ voz\u00edku\u00a0\u00a0\u00a0\u00a0\u00a0\u00a0\u00a0\u00a0\u00a0\u00a0\u00a0\u00a0\u00a0\u00a0\u00a0\u00a0\u00a0\u00a0\u00a0\u00a0\u00a0 <\/em><\/strong><\/span><\/td><td valign=\"top\"><span style=\"color: #008000;\"><strong><em>16B-9\u00a0\u00a0\u00a0\u00a0\u00a0\u00a0\u00a0\u00a0\u00a0\u00a0\u00a0\u00a0 <\/em><\/strong><\/span><\/td><td valign=\"top\"><span style=\"color: #008000;\"><strong><em>18B-9\u00a0\u00a0\u00a0\u00a0\u00a0\u00a0\u00a0\u00a0\u00a0\u00a0\u00a0 <\/em><\/strong><\/span><\/td><td valign=\"top\"><span style=\"color: #008000;\"><strong><em>20B-9\u00a0\u00a0\u00a0\u00a0\u00a0\u00a0\u00a0\u00a0\u00a0\u00a0 <\/em><\/strong><\/span><\/td><\/tr><tr><td valign=\"top\"><strong><em>Pohon<\/em><\/strong><\/td><td valign=\"top\">Elektrick\u00fd<\/td><td valign=\"top\">Elektrick\u00fd<\/td><td valign=\"top\">Elektrick\u00fd<\/td><\/tr><tr><td valign=\"top\"><em><strong>Nosnost<\/strong><\/em><\/td><td valign=\"top\">1600 kg<\/td><td valign=\"top\">1750 kg<\/td><td valign=\"top\">2000 kg<\/td><\/tr><tr><td valign=\"top\"><em><strong>Vylo\u017een\u00ed t\u011b\u017ei\u0161t\u011b<\/strong><\/em><\/td><td valign=\"top\">500 mm<\/td><td valign=\"top\">500 mm<\/td><td valign=\"top\">500 mm<\/td><\/tr><tr><td valign=\"top\"><em><strong>Vlastn\u00ed hmotnost<\/strong><\/em><\/td><td valign=\"top\">3150\u00a0kg<\/td><td valign=\"top\">3275 kg<\/td><td valign=\"top\">3480 kg<\/td><\/tr><tr><td valign=\"top\"><em><strong>Pneumatiky p\u0159edn\u00ed<\/strong><\/em><\/td><td valign=\"top\">18&#215;7-8<\/td><td valign=\"top\">200\/50-10<\/td><td valign=\"top\">200\/50-10<\/td><\/tr><tr><td valign=\"top\"><strong><em>Pneumatiky zadn\u00ed<\/em><\/strong><\/td><td valign=\"top\">16&#215;6-8<\/td><td valign=\"top\">16&#215;6-8<\/td><td valign=\"top\">16&#215;6-8<\/td><\/tr><tr><td valign=\"top\"><strong><em>Rychlost pojezdu<\/em><\/strong><\/td><td valign=\"top\">16 km\/h<\/td><td valign=\"top\">16 km\/h<\/td><td valign=\"top\">16 km\/h<\/td><\/tr><tr><td valign=\"top\"><strong><em>Motor pojezdu<\/em><\/strong><\/td><td valign=\"top\">AC<\/td><td valign=\"top\">AC<\/td><td valign=\"top\">AC<\/td><\/tr><tr><td valign=\"top\"><em><strong>V\u00fdkon motoru<\/strong><\/em><\/td><td valign=\"top\">4,7 kW<\/td><td valign=\"top\">4,7 kW<\/td><td valign=\"top\">4,7 kW<\/td><\/tr><\/tbody><\/table><p>\u00a0<\/p><p><strong>Prospekt:<\/strong>\u00a0\u00a0\u00a0 <span style=\"color: #008000;\"><em><strong><a href=\"http:\/\/recarprofi.cz\/wp-content\/uploads\/2013\/02\/hyundai-16-20b-7ac.pdf\"><span style=\"color: #008000;\">Hyundai 16B-18B-20B-7AC<\/span><\/a><\/strong><\/em><\/span><\/p><p>\u00a0<\/p><p><a href=\"http:\/\/recarprofi.cz\/wp-content\/uploads\/2019\/03\/hyundai-18b-91.jpg\"><img decoding=\"async\" class=\"aligncenter wp-image-11756 size-full\" src=\"https:\/\/recarprofi.cz\/wp-content\/uploads\/2019\/03\/hyundai-18b-91.jpg\" alt=\"\" width=\"722\" height=\"600\" srcset=\"https:\/\/recarprofi.cz\/wp-content\/uploads\/2019\/03\/hyundai-18b-91.jpg 722w, https:\/\/recarprofi.cz\/wp-content\/uploads\/2019\/03\/hyundai-18b-91-600x499.jpg 600w, https:\/\/recarprofi.cz\/wp-content\/uploads\/2019\/03\/hyundai-18b-91-420x349.jpg 420w\" sizes=\"(max-width: 722px) 100vw, 722px\" \/><\/a><\/p>\t\t\t\t\t\t\t\t<\/div>\n\t\t\t\t<\/div>\n\t\t\t\t\t<\/div>\n\t\t<\/div>\n\t\t\t\t\t<\/div>\n\t\t<\/section>\n\t\t\t\t<\/div>\n\t\t","protected":false},"excerpt":{"rendered":"<p>Vysokozdvi\u017en\u00e9 voz\u00edky Hyundai na elektrick\u00fd pohon,\u00a0s nosnosti od 1,6 do 2t. Parametry: Typ voz\u00edku\u00a0\u00a0\u00a0\u00a0\u00a0\u00a0\u00a0\u00a0\u00a0\u00a0\u00a0\u00a0\u00a0\u00a0\u00a0\u00a0\u00a0\u00a0\u00a0\u00a0\u00a0 16B-9\u00a0\u00a0\u00a0\u00a0\u00a0\u00a0\u00a0\u00a0\u00a0\u00a0\u00a0\u00a0 18B-9\u00a0\u00a0\u00a0\u00a0\u00a0\u00a0\u00a0\u00a0\u00a0\u00a0\u00a0 20B-9\u00a0\u00a0\u00a0\u00a0\u00a0\u00a0\u00a0\u00a0\u00a0\u00a0 Pohon Elektrick\u00fd Elektrick\u00fd Elektrick\u00fd Nosnost 1600 kg 1750 kg 2000 kg Vylo\u017een\u00ed t\u011b\u017ei\u0161t\u011b 500 mm 500 mm 500&hellip;<\/p>\n","protected":false},"author":1,"featured_media":0,"parent":468,"menu_order":3,"comment_status":"closed","ping_status":"closed","template":"","meta":{"footnotes":""},"class_list":["post-485","page","type-page","status-publish","hentry"],"_links":{"self":[{"href":"https:\/\/recarprofi.cz\/uvod\/wp-json\/wp\/v2\/pages\/485","targetHints":{"allow":["GET"]}}],"collection":[{"href":"https:\/\/recarprofi.cz\/uvod\/wp-json\/wp\/v2\/pages"}],"about":[{"href":"https:\/\/recarprofi.cz\/uvod\/wp-json\/wp\/v2\/types\/page"}],"author":[{"embeddable":true,"href":"https:\/\/recarprofi.cz\/uvod\/wp-json\/wp\/v2\/users\/1"}],"replies":[{"embeddable":true,"href":"https:\/\/recarprofi.cz\/uvod\/wp-json\/wp\/v2\/comments?post=485"}],"version-history":[{"count":22,"href":"https:\/\/recarprofi.cz\/uvod\/wp-json\/wp\/v2\/pages\/485\/revisions"}],"predecessor-version":[{"id":20468,"href":"https:\/\/recarprofi.cz\/uvod\/wp-json\/wp\/v2\/pages\/485\/revisions\/20468"}],"up":[{"embeddable":true,"href":"https:\/\/recarprofi.cz\/uvod\/wp-json\/wp\/v2\/pages\/468"}],"wp:attachment":[{"href":"https:\/\/recarprofi.cz\/uvod\/wp-json\/wp\/v2\/media?parent=485"}],"curies":[{"name":"wp","href":"https:\/\/api.w.org\/{rel}","templated":true}]}}