{"id":509,"date":"2013-02-03T14:48:51","date_gmt":"2013-02-03T13:48:51","guid":{"rendered":"http:\/\/recarprofi.cz\/?page_id=509"},"modified":"2024-04-10T14:00:10","modified_gmt":"2024-04-10T12:00:10","slug":"40-50b-9","status":"publish","type":"page","link":"https:\/\/recarprofi.cz\/uvod\/manipulacni-technika\/vysokozdvizne-voziky-hyundai\/elektricke\/40-50b-9\/","title":{"rendered":"Vysokozdvi\u017en\u00e9 voz\u00edky Hyundai 40\/50B-9"},"content":{"rendered":"\t\t<div data-elementor-type=\"wp-page\" data-elementor-id=\"509\" class=\"elementor elementor-509\">\n\t\t\t\t\t\t<section class=\"elementor-section elementor-top-section elementor-element elementor-element-a91bff0 elementor-section-boxed elementor-section-height-default elementor-section-height-default\" data-id=\"a91bff0\" data-element_type=\"section\" data-e-type=\"section\">\n\t\t\t\t\t\t<div class=\"elementor-container elementor-column-gap-default\">\n\t\t\t\t\t<div class=\"elementor-column elementor-col-100 elementor-top-column elementor-element elementor-element-1b17ecf8\" data-id=\"1b17ecf8\" data-element_type=\"column\" data-e-type=\"column\">\n\t\t\t<div class=\"elementor-widget-wrap elementor-element-populated\">\n\t\t\t\t\t\t<div class=\"elementor-element elementor-element-12baf3fa elementor-widget elementor-widget-text-editor\" data-id=\"12baf3fa\" data-element_type=\"widget\" data-e-type=\"widget\" data-widget_type=\"text-editor.default\">\n\t\t\t\t<div class=\"elementor-widget-container\">\n\t\t\t\t\t\t\t\t\t<p><a href=\"http:\/\/recarprofi.cz\/wp-content\/uploads\/2019\/03\/hyundai-50b-91.jpg\"><img fetchpriority=\"high\" decoding=\"async\" class=\"aligncenter wp-image-11762 size-large\" src=\"https:\/\/recarprofi.cz\/wp-content\/uploads\/2019\/03\/hyundai-50b-91-1200x1014.jpg\" alt=\"\" width=\"1140\" height=\"963\" srcset=\"https:\/\/recarprofi.cz\/wp-content\/uploads\/2019\/03\/hyundai-50b-91-1200x1014.jpg 1200w, https:\/\/recarprofi.cz\/wp-content\/uploads\/2019\/03\/hyundai-50b-91-600x507.jpg 600w, https:\/\/recarprofi.cz\/wp-content\/uploads\/2019\/03\/hyundai-50b-91-420x355.jpg 420w, https:\/\/recarprofi.cz\/wp-content\/uploads\/2019\/03\/hyundai-50b-91-744x629.jpg 744w, https:\/\/recarprofi.cz\/wp-content\/uploads\/2019\/03\/hyundai-50b-91-768x649.jpg 768w\" sizes=\"(max-width: 1140px) 100vw, 1140px\" \/><\/a><\/p><p><span style=\"color: #008000;\"><strong><em>Vysokozdvi\u017en\u00e9 voz\u00edky Hyundai na elektrick\u00fd pohon, s nosnosti\u00a0od 3,5 do 5t.<\/em><\/strong><\/span><\/p><p><strong>Dokonal\u00e1 s\u00edla a optim\u00e1ln\u00ed v\u00fdkon, to\u00a0jsou voz\u00edky nov\u00e9 \u0159ady 7AC. Hydraulick\u00fd system s velkou kapacitou m\u00e1 modern\u00ed konstrukci, ovl\u00e1dac\u00ed ventily maj\u00ed nizkou hlu\u010dnost a kratkou reak\u010dn\u00ed dobu, \u010d\u00edm\u017e se zvy\u0161uje efektivita i \u017eivotnost syst\u00e9mu.\u00a0\u00a0<\/strong><\/p><p><span style=\"color: #008000;\"><strong><em>Parametry:<\/em><\/strong><\/span><\/p><table border=\"1\" cellspacing=\"0\" cellpadding=\"0\"><tbody><tr><td valign=\"top\"><span style=\"color: #008000;\"><strong><em>Typ voz\u00edku<\/em><\/strong><\/span><\/td><td valign=\"top\">\u00a0<\/td><td valign=\"top\"><span style=\"color: #008000;\"><strong><em>40B-9 \u00a0 \u00a0 \u00a0 \u00a0\u00a0<\/em><\/strong><\/span><\/td><td valign=\"top\"><span style=\"color: #008000;\"><strong><em>45B-9 \u00a0 \u00a0 \u00a0 \u00a0\u00a0<\/em><\/strong><\/span><\/td><td valign=\"top\"><span style=\"color: #008000;\"><strong><em>50B-9 \u00a0 \u00a0 \u00a0 \u00a0\u00a0<\/em><\/strong><\/span><\/td><\/tr><tr><td valign=\"top\"><strong><em>Pohon<\/em><\/strong><\/td><td valign=\"top\">\u00a0<\/td><td valign=\"top\">Elektrick\u00fd<\/td><td valign=\"top\">Elektrick\u00fd<\/td><td valign=\"top\">Elektrick\u00fd<\/td><\/tr><tr><td valign=\"top\"><strong><em>Nosnost<\/em><\/strong><\/td><td valign=\"top\">\u00a0<\/td><td valign=\"top\">4000 kg<\/td><td valign=\"top\">4500 kg<\/td><td valign=\"top\">5000 kg<\/td><\/tr><tr><td valign=\"top\"><strong><em>Vylo\u017een\u00ed t\u011b\u017ei\u0161t\u011b<\/em><\/strong><\/td><td valign=\"top\">\u00a0<\/td><td valign=\"top\">500 mm<\/td><td valign=\"top\">500 mm<\/td><td valign=\"top\">500 mm<\/td><\/tr><tr><td valign=\"top\"><strong><em>Vlastn\u00ed hmotnost<\/em><\/strong><\/td><td valign=\"top\">\u00a0<\/td><td valign=\"top\">6.855 kg<\/td><td valign=\"top\">7.345 kg<\/td><td valign=\"top\">7.805 kg<\/td><\/tr><tr><td valign=\"top\"><strong><em>Pneumatiky p\u0159edn\u00ed<\/em><\/strong><\/td><td valign=\"top\">\u00a0<\/td><td valign=\"top\">250-15<\/td><td valign=\"top\">250-15<\/td><td valign=\"top\">28&#215;12,5-15<\/td><\/tr><tr><td valign=\"top\"><strong><em>Pneumatiky zadn\u00ed<\/em><\/strong><\/td><td valign=\"top\">\u00a0<\/td><td valign=\"top\">23&#215;9-10<\/td><td valign=\"top\">23&#215;9-10<\/td><td valign=\"top\">23&#215;9-10<\/td><\/tr><tr><td valign=\"top\"><strong><em>Rychlost pojezdu<\/em><\/strong><\/td><td valign=\"top\">\u00a0<\/td><td valign=\"top\">18 km\/h<\/td><td valign=\"top\">18 km\/h<\/td><td valign=\"top\">18 km\/h<\/td><\/tr><tr><td valign=\"top\"><strong><em>Motor pojezdu<\/em><\/strong><\/td><td valign=\"top\">\u00a0<\/td><td valign=\"top\">AC<\/td><td valign=\"top\">AC<\/td><td valign=\"top\">AC<\/td><\/tr><tr><td valign=\"top\"><strong><em>V\u00fdkon motoru<\/em><\/strong><\/td><td valign=\"top\">\u00a0<\/td><td valign=\"top\">10 kW<\/td><td valign=\"top\">10 kW<\/td><td valign=\"top\">10 kW<\/td><\/tr><\/tbody><\/table><p>\u00a0<\/p><p><span style=\"color: #000000;\"><strong>Prospekt:<\/strong><\/span>\u00a0<span style=\"text-decoration: underline;\"><strong><a href=\"http:\/\/recarprofi.cz\/wp-content\/uploads\/2013\/02\/hyundai-40-45-50b-9.pdf\">Hyundai 40-45-50b-9<\/a><\/strong><\/span><\/p><p>\u00a0<\/p><p><a href=\"http:\/\/recarprofi.cz\/wp-content\/uploads\/2019\/03\/hyundai-45b-91.jpg\"><img decoding=\"async\" class=\"aligncenter wp-image-11763 size-large\" src=\"https:\/\/recarprofi.cz\/wp-content\/uploads\/2019\/03\/hyundai-45b-91-1200x635.jpg\" alt=\"\" width=\"1140\" height=\"603\" srcset=\"https:\/\/recarprofi.cz\/wp-content\/uploads\/2019\/03\/hyundai-45b-91-1200x635.jpg 1200w, https:\/\/recarprofi.cz\/wp-content\/uploads\/2019\/03\/hyundai-45b-91-600x318.jpg 600w, https:\/\/recarprofi.cz\/wp-content\/uploads\/2019\/03\/hyundai-45b-91-420x222.jpg 420w, https:\/\/recarprofi.cz\/wp-content\/uploads\/2019\/03\/hyundai-45b-91-744x394.jpg 744w, https:\/\/recarprofi.cz\/wp-content\/uploads\/2019\/03\/hyundai-45b-91-768x407.jpg 768w, https:\/\/recarprofi.cz\/wp-content\/uploads\/2019\/03\/hyundai-45b-91.jpg 1490w\" sizes=\"(max-width: 1140px) 100vw, 1140px\" \/><\/a><\/p>\t\t\t\t\t\t\t\t<\/div>\n\t\t\t\t<\/div>\n\t\t\t\t\t<\/div>\n\t\t<\/div>\n\t\t\t\t\t<\/div>\n\t\t<\/section>\n\t\t\t\t<\/div>\n\t\t","protected":false},"excerpt":{"rendered":"<p>Vysokozdvi\u017en\u00e9 voz\u00edky Hyundai na elektrick\u00fd pohon, s nosnosti\u00a0od 3,5 do 5t. Dokonal\u00e1 s\u00edla a optim\u00e1ln\u00ed v\u00fdkon, to\u00a0jsou voz\u00edky nov\u00e9 \u0159ady 7AC. Hydraulick\u00fd system s velkou kapacitou m\u00e1 modern\u00ed konstrukci, ovl\u00e1dac\u00ed ventily maj\u00ed nizkou hlu\u010dnost a&hellip;<\/p>\n","protected":false},"author":1,"featured_media":11762,"parent":468,"menu_order":5,"comment_status":"closed","ping_status":"closed","template":"","meta":{"footnotes":""},"class_list":["post-509","page","type-page","status-publish","has-post-thumbnail","hentry"],"_links":{"self":[{"href":"https:\/\/recarprofi.cz\/uvod\/wp-json\/wp\/v2\/pages\/509","targetHints":{"allow":["GET"]}}],"collection":[{"href":"https:\/\/recarprofi.cz\/uvod\/wp-json\/wp\/v2\/pages"}],"about":[{"href":"https:\/\/recarprofi.cz\/uvod\/wp-json\/wp\/v2\/types\/page"}],"author":[{"embeddable":true,"href":"https:\/\/recarprofi.cz\/uvod\/wp-json\/wp\/v2\/users\/1"}],"replies":[{"embeddable":true,"href":"https:\/\/recarprofi.cz\/uvod\/wp-json\/wp\/v2\/comments?post=509"}],"version-history":[{"count":25,"href":"https:\/\/recarprofi.cz\/uvod\/wp-json\/wp\/v2\/pages\/509\/revisions"}],"predecessor-version":[{"id":20474,"href":"https:\/\/recarprofi.cz\/uvod\/wp-json\/wp\/v2\/pages\/509\/revisions\/20474"}],"up":[{"embeddable":true,"href":"https:\/\/recarprofi.cz\/uvod\/wp-json\/wp\/v2\/pages\/468"}],"wp:featuredmedia":[{"embeddable":true,"href":"https:\/\/recarprofi.cz\/uvod\/wp-json\/wp\/v2\/media\/11762"}],"wp:attachment":[{"href":"https:\/\/recarprofi.cz\/uvod\/wp-json\/wp\/v2\/media?parent=509"}],"curies":[{"name":"wp","href":"https:\/\/api.w.org\/{rel}","templated":true}]}}