{"id":573,"date":"2013-02-04T13:23:44","date_gmt":"2013-02-04T12:23:44","guid":{"rendered":"http:\/\/recarprofi.cz\/?page_id=573"},"modified":"2024-04-10T14:27:06","modified_gmt":"2024-04-10T12:27:06","slug":"c2500-3000","status":"publish","type":"page","link":"https:\/\/recarprofi.cz\/uvod\/manipulacni-technika\/ctyrcestne-vysokozdvizne-voziky-combilift\/c2500-3000\/","title":{"rendered":"\u010cty\u0159cestn\u00e9 vysokozdvi\u017en\u00e9 voz\u00edky Combilift C2500-3000"},"content":{"rendered":"\t\t<div data-elementor-type=\"wp-page\" data-elementor-id=\"573\" class=\"elementor elementor-573\">\n\t\t\t\t\t\t<section class=\"elementor-section elementor-top-section elementor-element elementor-element-615fffda elementor-section-boxed elementor-section-height-default elementor-section-height-default\" data-id=\"615fffda\" data-element_type=\"section\" data-e-type=\"section\">\n\t\t\t\t\t\t<div class=\"elementor-container elementor-column-gap-default\">\n\t\t\t\t\t<div class=\"elementor-column elementor-col-100 elementor-top-column elementor-element elementor-element-3f5e708\" data-id=\"3f5e708\" data-element_type=\"column\" data-e-type=\"column\">\n\t\t\t<div class=\"elementor-widget-wrap elementor-element-populated\">\n\t\t\t\t\t\t<div class=\"elementor-element elementor-element-2a7a9156 elementor-widget elementor-widget-text-editor\" data-id=\"2a7a9156\" data-element_type=\"widget\" data-e-type=\"widget\" data-widget_type=\"text-editor.default\">\n\t\t\t\t<div class=\"elementor-widget-container\">\n\t\t\t\t\t\t\t\t\t<h4 dir=\"ltr\" data-placeholder=\"P\u0159eklad\"><a href=\"https:\/\/recarprofi.cz\/wp-content\/uploads\/2018\/08\/combilift-c25003.jpg\"><img fetchpriority=\"high\" decoding=\"async\" class=\"aligncenter wp-image-10907 size-full\" src=\"https:\/\/recarprofi.cz\/wp-content\/uploads\/2018\/08\/combilift-c25003.jpg\" alt=\"\" width=\"915\" height=\"915\" srcset=\"https:\/\/recarprofi.cz\/wp-content\/uploads\/2018\/08\/combilift-c25003.jpg 915w, https:\/\/recarprofi.cz\/wp-content\/uploads\/2018\/08\/combilift-c25003-100x100.jpg 100w, https:\/\/recarprofi.cz\/wp-content\/uploads\/2018\/08\/combilift-c25003-600x600.jpg 600w\" sizes=\"(max-width: 915px) 100vw, 915px\" \/><\/a><\/h4><h4 id=\"tw-target-text\" class=\"tw-data-text tw-ta tw-text-small\" dir=\"ltr\" data-placeholder=\"P\u0159eklad\"><span lang=\"cs\">\u010cty\u0159cestn\u00e9 vysokozdvi\u017en\u00e9 voz\u00edky ur\u010den\u00fd pro bezpe\u010dnou <\/span>manipulaci s n\u00e1kladem, <span lang=\"cs\" style=\"font-family: inherit; letter-spacing: -0.02em;\">\u00a0<\/span><span lang=\"cs\" style=\"font-family: inherit; letter-spacing: -0.02em;\">\u00fasporu m\u00edsta a produktivn\u00ed <\/span><span lang=\"cs\">manipulaci s dlouh\u00fdmi a objemn\u00fdmi materi\u00e1ly. <\/span>Voz\u00edky maj\u00ed hydrostatick\u00fd pohon na v\u0161echny kola, pohybuji se \u010dtyrmi sm\u011bry a m\u00e1ji posuv zvedac\u00edho za\u0159\u00edzen\u00ed do boku.<\/h4><p><strong>Technick\u00e9 parametry:<\/strong><\/p><table><tbody><tr><td width=\"85\"><span style=\"color: #339966;\"><em><strong>Typ voz\u00edku<\/strong><\/em><\/span><\/td><td width=\"85\"><span style=\"color: #339966;\"><em><strong>C2500<\/strong><\/em><\/span><\/td><td width=\"85\"><em><strong><span style=\"color: #339966;\">C3000<\/span><\/strong><\/em><\/td><td width=\"85\"><span style=\"color: #339966;\"><em><strong>C3000E<\/strong><\/em><\/span><\/td><\/tr><tr><td width=\"85\"><strong>Pohon<\/strong><\/td><td width=\"85\">Diesel\/LPG<\/td><td width=\"85\">Diesel\/LPG<\/td><td width=\"85\">Elektro<\/td><\/tr><tr><td width=\"85\"><strong>Nosnost<\/strong><\/td><td width=\"85\">2500 kg<\/td><td width=\"85\">3000 kg<\/td><td width=\"85\">3000 kg<\/td><\/tr><tr><td width=\"85\"><strong>Vylo\u017een\u00ed t\u011b\u017ei\u0161t\u011b<\/strong><\/td><td width=\"85\">600 mm<\/td><td width=\"85\">600 mm<\/td><td width=\"85\">600 mm<\/td><\/tr><tr><td width=\"85\"><strong>Vlastn\u00ed hmotnost<\/strong><\/td><td width=\"85\">4500 kg<\/td><td width=\"85\">4900 kg<\/td><td width=\"85\">6300 kg<\/td><\/tr><tr><td width=\"85\"><strong>Pneumatiky p\u0159edn\u00ed<\/strong><\/td><td width=\"85\">200\/50-10<\/td><td width=\"85\">200\/50-10<\/td><td width=\"85\">200\/50-10<\/td><\/tr><tr><td width=\"85\"><strong>Pneumatiky zadn\u00ed<\/strong><\/td><td width=\"85\">23&#215;10-12<\/td><td width=\"85\">23&#215;10-12<\/td><td width=\"85\">23&#215;10-12<\/td><\/tr><tr><td width=\"85\"><strong>Rychlost pojezdu<\/strong><\/td><td width=\"85\">14 km\/h<\/td><td width=\"85\">14 km\/h<\/td><td width=\"85\">10 km\/h<\/td><\/tr><tr><td width=\"85\"><strong>Motor pojezdu<\/strong><\/td><td width=\"85\">Kubota\/Toyota LPG<\/td><td width=\"85\">Kubota\/Toyota LPG<\/td><td width=\"85\">2 x AC 80V<\/td><\/tr><tr><td width=\"85\"><strong>V\u00fdkon motoru<\/strong><\/td><td width=\"85\">32kW\/42kW<\/td><td width=\"85\">32kW\/42kW<\/td><td width=\"85\">2 x 5kW<\/td><\/tr><\/tbody><\/table><p><strong>Prospekt:<\/strong>\u00a0<strong><span style=\"color: #339966;\"><a style=\"color: #339966;\" href=\"http:\/\/recarprofi.cz\/wp-content\/uploads\/2018\/08\/combilift-c2500-3000.pdf\">Combilift c2500-3000<\/a><\/span><\/strong><\/p><p><strong>Prospekt:\u00a0<span style=\"color: #339966;\"><a style=\"color: #339966;\" href=\"http:\/\/recarprofi.cz\/wp-content\/uploads\/2018\/08\/combilift-c3000-5000E.pdf\">Combilift<\/a><a style=\"color: #339966;\" href=\"http:\/\/recarprofi.cz\/wp-content\/uploads\/2018\/08\/combilift-c3000-5000E.pdf\"> C3000E<\/a><\/span><\/strong><\/p><p><a href=\"http:\/\/recarprofi.cz\/wp-content\/uploads\/2018\/08\/combilift-c2500.jpg\"><img decoding=\"async\" class=\"aligncenter wp-image-10900 size-full\" src=\"https:\/\/recarprofi.cz\/wp-content\/uploads\/2018\/08\/combilift-c2500.jpg\" alt=\"\" width=\"683\" height=\"1024\" srcset=\"https:\/\/recarprofi.cz\/wp-content\/uploads\/2018\/08\/combilift-c2500.jpg 683w, https:\/\/recarprofi.cz\/wp-content\/uploads\/2018\/08\/combilift-c2500-600x900.jpg 600w, https:\/\/recarprofi.cz\/wp-content\/uploads\/2018\/08\/combilift-c2500-420x630.jpg 420w\" sizes=\"(max-width: 683px) 100vw, 683px\" \/><\/a><\/p><p><a href=\"http:\/\/recarprofi.cz\/wp-content\/uploads\/2018\/08\/combilift-c30001.jpg\"><img decoding=\"async\" class=\"aligncenter wp-image-10901 size-full\" src=\"https:\/\/recarprofi.cz\/wp-content\/uploads\/2018\/08\/combilift-c30001.jpg\" alt=\"\" width=\"844\" height=\"586\" srcset=\"https:\/\/recarprofi.cz\/wp-content\/uploads\/2018\/08\/combilift-c30001.jpg 844w, https:\/\/recarprofi.cz\/wp-content\/uploads\/2018\/08\/combilift-c30001-600x417.jpg 600w, https:\/\/recarprofi.cz\/wp-content\/uploads\/2018\/08\/combilift-c30001-420x292.jpg 420w, https:\/\/recarprofi.cz\/wp-content\/uploads\/2018\/08\/combilift-c30001-744x517.jpg 744w, https:\/\/recarprofi.cz\/wp-content\/uploads\/2018\/08\/combilift-c30001-768x533.jpg 768w\" sizes=\"(max-width: 844px) 100vw, 844px\" \/><\/a><\/p><p><a href=\"http:\/\/recarprofi.cz\/wp-content\/uploads\/2019\/03\/combilift-c3000e.png\"><img loading=\"lazy\" decoding=\"async\" class=\"aligncenter wp-image-11765 size-full\" src=\"http:\/\/recarprofi.cz\/wp-content\/uploads\/2019\/03\/combilift-c3000e.png\" alt=\"\" width=\"900\" height=\"900\" srcset=\"https:\/\/recarprofi.cz\/wp-content\/uploads\/2019\/03\/combilift-c3000e.png 900w, https:\/\/recarprofi.cz\/wp-content\/uploads\/2019\/03\/combilift-c3000e-100x100.png 100w, https:\/\/recarprofi.cz\/wp-content\/uploads\/2019\/03\/combilift-c3000e-600x600.png 600w, https:\/\/recarprofi.cz\/wp-content\/uploads\/2019\/03\/combilift-c3000e-420x420.png 420w, https:\/\/recarprofi.cz\/wp-content\/uploads\/2019\/03\/combilift-c3000e-744x744.png 744w, https:\/\/recarprofi.cz\/wp-content\/uploads\/2019\/03\/combilift-c3000e-768x768.png 768w\" sizes=\"(max-width: 900px) 100vw, 900px\" \/><\/a><\/p>\t\t\t\t\t\t\t\t<\/div>\n\t\t\t\t<\/div>\n\t\t\t\t\t<\/div>\n\t\t<\/div>\n\t\t\t\t\t<\/div>\n\t\t<\/section>\n\t\t\t\t<\/div>\n\t\t","protected":false},"excerpt":{"rendered":"<p>\u010cty\u0159cestn\u00e9 vysokozdvi\u017en\u00e9 voz\u00edky ur\u010den\u00fd pro bezpe\u010dnou manipulaci s n\u00e1kladem, \u00a0\u00fasporu m\u00edsta a produktivn\u00ed manipulaci s dlouh\u00fdmi a objemn\u00fdmi materi\u00e1ly. Voz\u00edky maj\u00ed hydrostatick\u00fd pohon na v\u0161echny kola, pohybuji se \u010dtyrmi sm\u011bry a m\u00e1ji posuv zvedac\u00edho za\u0159\u00edzen\u00ed&hellip;<\/p>\n","protected":false},"author":1,"featured_media":12346,"parent":147,"menu_order":1,"comment_status":"closed","ping_status":"closed","template":"","meta":{"footnotes":""},"class_list":["post-573","page","type-page","status-publish","has-post-thumbnail","hentry"],"_links":{"self":[{"href":"https:\/\/recarprofi.cz\/uvod\/wp-json\/wp\/v2\/pages\/573","targetHints":{"allow":["GET"]}}],"collection":[{"href":"https:\/\/recarprofi.cz\/uvod\/wp-json\/wp\/v2\/pages"}],"about":[{"href":"https:\/\/recarprofi.cz\/uvod\/wp-json\/wp\/v2\/types\/page"}],"author":[{"embeddable":true,"href":"https:\/\/recarprofi.cz\/uvod\/wp-json\/wp\/v2\/users\/1"}],"replies":[{"embeddable":true,"href":"https:\/\/recarprofi.cz\/uvod\/wp-json\/wp\/v2\/comments?post=573"}],"version-history":[{"count":44,"href":"https:\/\/recarprofi.cz\/uvod\/wp-json\/wp\/v2\/pages\/573\/revisions"}],"predecessor-version":[{"id":20371,"href":"https:\/\/recarprofi.cz\/uvod\/wp-json\/wp\/v2\/pages\/573\/revisions\/20371"}],"up":[{"embeddable":true,"href":"https:\/\/recarprofi.cz\/uvod\/wp-json\/wp\/v2\/pages\/147"}],"wp:featuredmedia":[{"embeddable":true,"href":"https:\/\/recarprofi.cz\/uvod\/wp-json\/wp\/v2\/media\/12346"}],"wp:attachment":[{"href":"https:\/\/recarprofi.cz\/uvod\/wp-json\/wp\/v2\/media?parent=573"}],"curies":[{"name":"wp","href":"https:\/\/api.w.org\/{rel}","templated":true}]}}