{"id":6072,"date":"2014-05-22T12:55:47","date_gmt":"2014-05-22T10:55:47","guid":{"rendered":"http:\/\/recarprofi.cz\/?page_id=6072"},"modified":"2026-01-13T08:32:13","modified_gmt":"2026-01-13T07:32:13","slug":"komunalni-technika","status":"publish","type":"page","link":"https:\/\/recarprofi.cz\/uvod\/komunalni-technika\/","title":{"rendered":"Komun\u00e1ln\u00ed stroje"},"content":{"rendered":"\t\t<div data-elementor-type=\"wp-page\" data-elementor-id=\"6072\" class=\"elementor elementor-6072\">\n\t\t\t\t\t\t<section class=\"elementor-section elementor-top-section elementor-element elementor-element-4361720 elementor-section-boxed elementor-section-height-default elementor-section-height-default\" data-id=\"4361720\" data-element_type=\"section\" data-e-type=\"section\">\n\t\t\t\t\t\t<div class=\"elementor-container elementor-column-gap-default\">\n\t\t\t\t\t<div class=\"elementor-column elementor-col-50 elementor-top-column elementor-element elementor-element-3192beb\" data-id=\"3192beb\" data-element_type=\"column\" data-e-type=\"column\">\n\t\t\t<div class=\"elementor-widget-wrap elementor-element-populated\">\n\t\t\t\t\t\t<div class=\"elementor-element elementor-element-1b6a8e4 elementor-position-top elementor-widget elementor-widget-image-box\" data-id=\"1b6a8e4\" data-element_type=\"widget\" data-e-type=\"widget\" data-widget_type=\"image-box.default\">\n\t\t\t\t<div class=\"elementor-widget-container\">\n\t\t\t\t\t<div class=\"elementor-image-box-wrapper\"><figure class=\"elementor-image-box-img\"><a href=\"https:\/\/recarprofi.cz\/uvod\/komunalni-technika\/traktory\/\" tabindex=\"-1\"><img fetchpriority=\"high\" decoding=\"async\" width=\"1200\" height=\"900\" src=\"https:\/\/recarprofi.cz\/wp-content\/uploads\/2024\/01\/kioti-dk-60202.jpg\" class=\"attachment-full size-full wp-image-27485\" alt=\"\" srcset=\"https:\/\/recarprofi.cz\/wp-content\/uploads\/2024\/01\/kioti-dk-60202.jpg 1200w, https:\/\/recarprofi.cz\/wp-content\/uploads\/2024\/01\/kioti-dk-60202-744x558.jpg 744w, https:\/\/recarprofi.cz\/wp-content\/uploads\/2024\/01\/kioti-dk-60202-420x315.jpg 420w, https:\/\/recarprofi.cz\/wp-content\/uploads\/2024\/01\/kioti-dk-60202-768x576.jpg 768w, https:\/\/recarprofi.cz\/wp-content\/uploads\/2024\/01\/kioti-dk-60202-1024x768.jpg 1024w, https:\/\/recarprofi.cz\/wp-content\/uploads\/2024\/01\/kioti-dk-60202-600x450.jpg 600w\" sizes=\"(max-width: 1200px) 100vw, 1200px\" \/><\/a><\/figure><div class=\"elementor-image-box-content\"><h3 class=\"elementor-image-box-title\"><a href=\"https:\/\/recarprofi.cz\/uvod\/komunalni-technika\/traktory\/\">Traktory komun\u00e1ln\u00ed<\/a><\/h3><p class=\"elementor-image-box-description\">V\u00fdkon od 15 do 80 kon\u00ed, r\u016fzn\u00e9 n\u00e1stavby a v\u00fdbavy.<\/p><\/div><\/div>\t\t\t\t<\/div>\n\t\t\t\t<\/div>\n\t\t\t\t\t<\/div>\n\t\t<\/div>\n\t\t\t\t<div class=\"elementor-column elementor-col-50 elementor-top-column elementor-element elementor-element-397f6c5\" data-id=\"397f6c5\" data-element_type=\"column\" data-e-type=\"column\">\n\t\t\t<div class=\"elementor-widget-wrap elementor-element-populated\">\n\t\t\t\t\t\t<div class=\"elementor-element elementor-element-a04f4cc elementor-position-top elementor-widget elementor-widget-image-box\" data-id=\"a04f4cc\" data-element_type=\"widget\" data-e-type=\"widget\" data-widget_type=\"image-box.default\">\n\t\t\t\t<div class=\"elementor-widget-container\">\n\t\t\t\t\t<div class=\"elementor-image-box-wrapper\"><figure class=\"elementor-image-box-img\"><a href=\"https:\/\/recarprofi.cz\/uvod\/komunalni-technika\/evum-acar-4x4\/\" tabindex=\"-1\"><img decoding=\"async\" width=\"1920\" height=\"1080\" src=\"https:\/\/recarprofi.cz\/wp-content\/uploads\/2024\/08\/evum-6.jpg\" class=\"attachment-full size-full wp-image-31862\" alt=\"\" srcset=\"https:\/\/recarprofi.cz\/wp-content\/uploads\/2024\/08\/evum-6.jpg 1920w, https:\/\/recarprofi.cz\/wp-content\/uploads\/2024\/08\/evum-6-744x419.jpg 744w, https:\/\/recarprofi.cz\/wp-content\/uploads\/2024\/08\/evum-6-1200x675.jpg 1200w, https:\/\/recarprofi.cz\/wp-content\/uploads\/2024\/08\/evum-6-420x236.jpg 420w, https:\/\/recarprofi.cz\/wp-content\/uploads\/2024\/08\/evum-6-768x432.jpg 768w, https:\/\/recarprofi.cz\/wp-content\/uploads\/2024\/08\/evum-6-1536x864.jpg 1536w, https:\/\/recarprofi.cz\/wp-content\/uploads\/2024\/08\/evum-6-1024x576.jpg 1024w, https:\/\/recarprofi.cz\/wp-content\/uploads\/2024\/08\/evum-6-600x338.jpg 600w\" sizes=\"(max-width: 1920px) 100vw, 1920px\" \/><\/a><\/figure><div class=\"elementor-image-box-content\"><h3 class=\"elementor-image-box-title\"><a href=\"https:\/\/recarprofi.cz\/uvod\/komunalni-technika\/evum-acar-4x4\/\">Komun\u00e1ln\u00ed elektromobil 4x4<\/a><\/h3><p class=\"elementor-image-box-description\">Pln\u011b elektrick\u00fd v\u016fz do ter\u00e9nu s pohonem 4x4 a mo\u017enost\u00ed r\u016fzn\u00fdch n\u00e1staveb.<\/p><\/div><\/div>\t\t\t\t<\/div>\n\t\t\t\t<\/div>\n\t\t\t\t\t<\/div>\n\t\t<\/div>\n\t\t\t\t\t<\/div>\n\t\t<\/section>\n\t\t\t\t<section class=\"elementor-section elementor-top-section elementor-element elementor-element-17185ad elementor-section-boxed elementor-section-height-default elementor-section-height-default\" data-id=\"17185ad\" data-element_type=\"section\" data-e-type=\"section\">\n\t\t\t\t\t\t<div class=\"elementor-container elementor-column-gap-default\">\n\t\t\t\t\t<div class=\"elementor-column elementor-col-50 elementor-top-column elementor-element elementor-element-9bacae8\" data-id=\"9bacae8\" data-element_type=\"column\" data-e-type=\"column\">\n\t\t\t<div class=\"elementor-widget-wrap elementor-element-populated\">\n\t\t\t\t\t\t<div class=\"elementor-element elementor-element-e9deadf elementor-position-top elementor-widget elementor-widget-image-box\" data-id=\"e9deadf\" data-element_type=\"widget\" data-e-type=\"widget\" data-widget_type=\"image-box.default\">\n\t\t\t\t<div class=\"elementor-widget-container\">\n\t\t\t\t\t<div class=\"elementor-image-box-wrapper\"><figure class=\"elementor-image-box-img\"><a href=\"https:\/\/recarprofi.cz\/uvod\/komunalni-technika\/svahove-mulcovace\/\" tabindex=\"-1\"><img decoding=\"async\" src=\"https:\/\/recarprofi.cz\/wp-content\/uploads\/elementor\/thumbs\/gren-climber-scaled-qxoclgx1y5qp2odq6brs7dcvuzzd6ie9tl4kozo5zw.jpg\" title=\"gren climber\" alt=\"gren climber\" loading=\"lazy\" \/><\/a><\/figure><div class=\"elementor-image-box-content\"><h3 class=\"elementor-image-box-title\"><a href=\"https:\/\/recarprofi.cz\/uvod\/komunalni-technika\/svahove-mulcovace\/\">Svahov\u00e9 mul\u010dova\u010de<\/a><\/h3><p class=\"elementor-image-box-description\">Pro pr\u00e1ci ve svaz\u00edch a\u017e do 60\u00b0 <\/p><\/div><\/div>\t\t\t\t<\/div>\n\t\t\t\t<\/div>\n\t\t\t\t\t<\/div>\n\t\t<\/div>\n\t\t\t\t<div class=\"elementor-column elementor-col-50 elementor-top-column elementor-element elementor-element-bcc179e\" data-id=\"bcc179e\" data-element_type=\"column\" data-e-type=\"column\">\n\t\t\t<div class=\"elementor-widget-wrap elementor-element-populated\">\n\t\t\t\t\t\t<div class=\"elementor-element elementor-element-2dbeb16 elementor-position-top elementor-widget elementor-widget-image-box\" data-id=\"2dbeb16\" data-element_type=\"widget\" data-e-type=\"widget\" data-widget_type=\"image-box.default\">\n\t\t\t\t<div class=\"elementor-widget-container\">\n\t\t\t\t\t<div class=\"elementor-image-box-wrapper\"><figure class=\"elementor-image-box-img\"><a href=\"https:\/\/recarprofi.cz\/uvod\/komunalni-technika\/traktorove-sekacky\/\" tabindex=\"-1\"><img decoding=\"async\" src=\"https:\/\/recarprofi.cz\/wp-content\/uploads\/elementor\/thumbs\/kioti-cs-252013-qmqq1hvm2ekr0f5lbilwzezn5mz7fa2ar5ezzdam3g.jpg\" title=\"kioti cs 252013\" alt=\"kioti cs 252013\" loading=\"lazy\" \/><\/a><\/figure><div class=\"elementor-image-box-content\"><h3 class=\"elementor-image-box-title\"><a href=\"https:\/\/recarprofi.cz\/uvod\/komunalni-technika\/traktorove-sekacky\/\">Traktorov\u00e9 seka\u010dky<\/a><\/h3><\/div><\/div>\t\t\t\t<\/div>\n\t\t\t\t<\/div>\n\t\t\t\t\t<\/div>\n\t\t<\/div>\n\t\t\t\t\t<\/div>\n\t\t<\/section>\n\t\t\t\t<section class=\"elementor-section elementor-top-section elementor-element elementor-element-888d0ea elementor-section-boxed elementor-section-height-default elementor-section-height-default\" data-id=\"888d0ea\" data-element_type=\"section\" data-e-type=\"section\">\n\t\t\t\t\t\t<div class=\"elementor-container elementor-column-gap-default\">\n\t\t\t\t\t<div class=\"elementor-column elementor-col-50 elementor-top-column elementor-element elementor-element-058f40a\" data-id=\"058f40a\" data-element_type=\"column\" data-e-type=\"column\">\n\t\t\t<div class=\"elementor-widget-wrap elementor-element-populated\">\n\t\t\t\t\t\t<div class=\"elementor-element elementor-element-0a51f0d elementor-position-top elementor-widget elementor-widget-image-box\" data-id=\"0a51f0d\" data-element_type=\"widget\" data-e-type=\"widget\" data-widget_type=\"image-box.default\">\n\t\t\t\t<div class=\"elementor-widget-container\">\n\t\t\t\t\t<div class=\"elementor-image-box-wrapper\"><figure class=\"elementor-image-box-img\"><a href=\"https:\/\/recarprofi.cz\/uvod\/komunalni-technika\/vozidla-boki\/\" tabindex=\"-1\"><img decoding=\"async\" width=\"2048\" height=\"1366\" src=\"https:\/\/recarprofi.cz\/wp-content\/uploads\/2024\/08\/boki-3.jpg\" class=\"attachment-full size-full wp-image-31932\" alt=\"\" srcset=\"https:\/\/recarprofi.cz\/wp-content\/uploads\/2024\/08\/boki-3.jpg 2048w, https:\/\/recarprofi.cz\/wp-content\/uploads\/2024\/08\/boki-3-744x496.jpg 744w, https:\/\/recarprofi.cz\/wp-content\/uploads\/2024\/08\/boki-3-1200x800.jpg 1200w, https:\/\/recarprofi.cz\/wp-content\/uploads\/2024\/08\/boki-3-420x280.jpg 420w, https:\/\/recarprofi.cz\/wp-content\/uploads\/2024\/08\/boki-3-768x512.jpg 768w, https:\/\/recarprofi.cz\/wp-content\/uploads\/2024\/08\/boki-3-1536x1025.jpg 1536w, https:\/\/recarprofi.cz\/wp-content\/uploads\/2024\/08\/boki-3-1024x683.jpg 1024w, https:\/\/recarprofi.cz\/wp-content\/uploads\/2024\/08\/boki-3-1619x1080.jpg 1619w, https:\/\/recarprofi.cz\/wp-content\/uploads\/2024\/08\/boki-3-600x400.jpg 600w\" sizes=\"(max-width: 2048px) 100vw, 2048px\" \/><\/a><\/figure><div class=\"elementor-image-box-content\"><h3 class=\"elementor-image-box-title\"><a href=\"https:\/\/recarprofi.cz\/uvod\/komunalni-technika\/vozidla-boki\/\">Komun\u00e1ln\u00ed vozidla dieselov\u00e1<\/a><\/h3><p class=\"elementor-image-box-description\">Mo\u017enost\u00ed v\u00fdb\u011bru n\u00e1staveb, nosnost\u00ed, v\u00fdbav a td...<\/p><\/div><\/div>\t\t\t\t<\/div>\n\t\t\t\t<\/div>\n\t\t\t\t\t<\/div>\n\t\t<\/div>\n\t\t\t\t<div class=\"elementor-column elementor-col-50 elementor-top-column elementor-element elementor-element-07965c0\" data-id=\"07965c0\" data-element_type=\"column\" data-e-type=\"column\">\n\t\t\t<div class=\"elementor-widget-wrap elementor-element-populated\">\n\t\t\t\t\t\t<div class=\"elementor-element elementor-element-a8f349e elementor-position-top elementor-widget elementor-widget-image-box\" data-id=\"a8f349e\" data-element_type=\"widget\" data-e-type=\"widget\" data-widget_type=\"image-box.default\">\n\t\t\t\t<div class=\"elementor-widget-container\">\n\t\t\t\t\t<div class=\"elementor-image-box-wrapper\"><figure class=\"elementor-image-box-img\"><a href=\"https:\/\/recarprofi.cz\/uvod\/komunalni-technika\/cisterny-na-vodu\/\" tabindex=\"-1\"><img loading=\"lazy\" decoding=\"async\" width=\"1024\" height=\"768\" src=\"https:\/\/recarprofi.cz\/wp-content\/uploads\/2024\/05\/nadrz-1100.jpg\" class=\"attachment-full size-full wp-image-31509\" alt=\"\" srcset=\"https:\/\/recarprofi.cz\/wp-content\/uploads\/2024\/05\/nadrz-1100.jpg 1024w, https:\/\/recarprofi.cz\/wp-content\/uploads\/2024\/05\/nadrz-1100-744x558.jpg 744w, https:\/\/recarprofi.cz\/wp-content\/uploads\/2024\/05\/nadrz-1100-420x315.jpg 420w, https:\/\/recarprofi.cz\/wp-content\/uploads\/2024\/05\/nadrz-1100-768x576.jpg 768w, https:\/\/recarprofi.cz\/wp-content\/uploads\/2024\/05\/nadrz-1100-600x450.jpg 600w\" sizes=\"(max-width: 1024px) 100vw, 1024px\" \/><\/a><\/figure><div class=\"elementor-image-box-content\"><h3 class=\"elementor-image-box-title\"><a href=\"https:\/\/recarprofi.cz\/uvod\/komunalni-technika\/cisterny-na-vodu\/\">Cisterny na vodu<\/a><\/h3><p class=\"elementor-image-box-description\">Od 1.150 do 1.550 litr\u016f.<\/p><\/div><\/div>\t\t\t\t<\/div>\n\t\t\t\t<\/div>\n\t\t\t\t\t<\/div>\n\t\t<\/div>\n\t\t\t\t\t<\/div>\n\t\t<\/section>\n\t\t\t\t<section class=\"elementor-section elementor-top-section elementor-element elementor-element-40b86a2 elementor-section-boxed elementor-section-height-default elementor-section-height-default\" data-id=\"40b86a2\" data-element_type=\"section\" data-e-type=\"section\">\n\t\t\t\t\t\t<div class=\"elementor-container elementor-column-gap-default\">\n\t\t\t\t\t<div class=\"elementor-column elementor-col-50 elementor-top-column elementor-element elementor-element-8449991\" data-id=\"8449991\" data-element_type=\"column\" data-e-type=\"column\">\n\t\t\t<div class=\"elementor-widget-wrap elementor-element-populated\">\n\t\t\t\t\t\t<div class=\"elementor-element elementor-element-477241f elementor-position-top elementor-widget elementor-widget-image-box\" data-id=\"477241f\" data-element_type=\"widget\" data-e-type=\"widget\" data-widget_type=\"image-box.default\">\n\t\t\t\t<div class=\"elementor-widget-container\">\n\t\t\t\t\t<div class=\"elementor-image-box-wrapper\"><figure class=\"elementor-image-box-img\"><a href=\"https:\/\/recarprofi.cz\/uvod\/zemedelska-technika\/doprava\/kontejnerove-nosice\/\" tabindex=\"-1\"><img loading=\"lazy\" decoding=\"async\" width=\"600\" height=\"450\" src=\"https:\/\/recarprofi.cz\/wp-content\/uploads\/2015\/07\/ursus-t145.jpg\" class=\"attachment-full size-full wp-image-6804\" alt=\"\" srcset=\"https:\/\/recarprofi.cz\/wp-content\/uploads\/2015\/07\/ursus-t145.jpg 600w, https:\/\/recarprofi.cz\/wp-content\/uploads\/2015\/07\/ursus-t145-416x312.jpg 416w, https:\/\/recarprofi.cz\/wp-content\/uploads\/2015\/07\/ursus-t145-300x225.jpg 300w\" sizes=\"(max-width: 600px) 100vw, 600px\" \/><\/a><\/figure><div class=\"elementor-image-box-content\"><h3 class=\"elementor-image-box-title\"><a href=\"https:\/\/recarprofi.cz\/uvod\/zemedelska-technika\/doprava\/kontejnerove-nosice\/\">Nosi\u010de kontejner\u016f<\/a><\/h3><p class=\"elementor-image-box-description\">Nosnost od 3 do 16t.<\/p><\/div><\/div>\t\t\t\t<\/div>\n\t\t\t\t<\/div>\n\t\t\t\t\t<\/div>\n\t\t<\/div>\n\t\t\t\t<div class=\"elementor-column elementor-col-50 elementor-top-column elementor-element elementor-element-790d8fe\" data-id=\"790d8fe\" data-element_type=\"column\" data-e-type=\"column\">\n\t\t\t<div class=\"elementor-widget-wrap elementor-element-populated\">\n\t\t\t\t\t\t<div class=\"elementor-element elementor-element-d1efd18 elementor-position-top elementor-widget elementor-widget-image-box\" data-id=\"d1efd18\" data-element_type=\"widget\" data-e-type=\"widget\" data-widget_type=\"image-box.default\">\n\t\t\t\t<div class=\"elementor-widget-container\">\n\t\t\t\t\t<div class=\"elementor-image-box-wrapper\"><figure class=\"elementor-image-box-img\"><a href=\"https:\/\/recarprofi.cz\/uvod\/komunalni-technika\/navesy-sp\/\" tabindex=\"-1\"><img loading=\"lazy\" decoding=\"async\" width=\"2272\" height=\"1704\" src=\"https:\/\/recarprofi.cz\/wp-content\/uploads\/2020\/06\/sp305.jpg\" class=\"attachment-full size-full wp-image-21981\" alt=\"\" srcset=\"https:\/\/recarprofi.cz\/wp-content\/uploads\/2020\/06\/sp305.jpg 2272w, https:\/\/recarprofi.cz\/wp-content\/uploads\/2020\/06\/sp305-600x450.jpg 600w, https:\/\/recarprofi.cz\/wp-content\/uploads\/2020\/06\/sp305-744x558.jpg 744w, https:\/\/recarprofi.cz\/wp-content\/uploads\/2020\/06\/sp305-1200x900.jpg 1200w, https:\/\/recarprofi.cz\/wp-content\/uploads\/2020\/06\/sp305-420x315.jpg 420w, https:\/\/recarprofi.cz\/wp-content\/uploads\/2020\/06\/sp305-768x576.jpg 768w, https:\/\/recarprofi.cz\/wp-content\/uploads\/2020\/06\/sp305-1536x1152.jpg 1536w, https:\/\/recarprofi.cz\/wp-content\/uploads\/2020\/06\/sp305-2048x1536.jpg 2048w\" sizes=\"(max-width: 2272px) 100vw, 2272px\" \/><\/a><\/figure><div class=\"elementor-image-box-content\"><h3 class=\"elementor-image-box-title\"><a href=\"https:\/\/recarprofi.cz\/uvod\/komunalni-technika\/navesy-sp\/\">N\u00e1v\u011bsy traktorov\u00e9<\/a><\/h3><p class=\"elementor-image-box-description\">Nosnost od 1 do 2,5t.<\/p><\/div><\/div>\t\t\t\t<\/div>\n\t\t\t\t<\/div>\n\t\t\t\t\t<\/div>\n\t\t<\/div>\n\t\t\t\t\t<\/div>\n\t\t<\/section>\n\t\t\t\t<section class=\"elementor-section elementor-top-section elementor-element elementor-element-aedebc3 elementor-section-boxed elementor-section-height-default elementor-section-height-default\" data-id=\"aedebc3\" data-element_type=\"section\" data-e-type=\"section\">\n\t\t\t\t\t\t<div class=\"elementor-container elementor-column-gap-default\">\n\t\t\t\t\t<div class=\"elementor-column elementor-col-50 elementor-top-column elementor-element elementor-element-b9167a2\" data-id=\"b9167a2\" data-element_type=\"column\" data-e-type=\"column\">\n\t\t\t<div class=\"elementor-widget-wrap elementor-element-populated\">\n\t\t\t\t\t\t<div class=\"elementor-element elementor-element-e083356 elementor-position-top elementor-widget elementor-widget-image-box\" data-id=\"e083356\" data-element_type=\"widget\" data-e-type=\"widget\" data-widget_type=\"image-box.default\">\n\t\t\t\t<div class=\"elementor-widget-container\">\n\t\t\t\t\t<div class=\"elementor-image-box-wrapper\"><figure class=\"elementor-image-box-img\"><a href=\"https:\/\/recarprofi.cz\/uvod\/komunalni-technika\/rozmetadla-nesena\/\" tabindex=\"-1\"><img loading=\"lazy\" decoding=\"async\" width=\"1600\" height=\"1200\" src=\"https:\/\/recarprofi.cz\/wp-content\/uploads\/2023\/12\/AG-400-komunal.jpg\" class=\"attachment-full size-full wp-image-27348\" alt=\"\" srcset=\"https:\/\/recarprofi.cz\/wp-content\/uploads\/2023\/12\/AG-400-komunal.jpg 1600w, https:\/\/recarprofi.cz\/wp-content\/uploads\/2023\/12\/AG-400-komunal-744x558.jpg 744w, https:\/\/recarprofi.cz\/wp-content\/uploads\/2023\/12\/AG-400-komunal-1200x900.jpg 1200w, https:\/\/recarprofi.cz\/wp-content\/uploads\/2023\/12\/AG-400-komunal-420x315.jpg 420w, https:\/\/recarprofi.cz\/wp-content\/uploads\/2023\/12\/AG-400-komunal-768x576.jpg 768w, https:\/\/recarprofi.cz\/wp-content\/uploads\/2023\/12\/AG-400-komunal-1536x1152.jpg 1536w, https:\/\/recarprofi.cz\/wp-content\/uploads\/2023\/12\/AG-400-komunal-1024x768.jpg 1024w, https:\/\/recarprofi.cz\/wp-content\/uploads\/2023\/12\/AG-400-komunal-1440x1080.jpg 1440w, https:\/\/recarprofi.cz\/wp-content\/uploads\/2023\/12\/AG-400-komunal-600x450.jpg 600w\" sizes=\"(max-width: 1600px) 100vw, 1600px\" \/><\/a><\/figure><div class=\"elementor-image-box-content\"><h3 class=\"elementor-image-box-title\"><a href=\"https:\/\/recarprofi.cz\/uvod\/komunalni-technika\/rozmetadla-nesena\/\">Rozmetadla nesen\u00e1<\/a><\/h3><p class=\"elementor-image-box-description\">Objem od 250 do 500 L.<\/p><\/div><\/div>\t\t\t\t<\/div>\n\t\t\t\t<\/div>\n\t\t\t\t\t<\/div>\n\t\t<\/div>\n\t\t\t\t<div class=\"elementor-column elementor-col-50 elementor-top-column elementor-element elementor-element-9fabf0f\" data-id=\"9fabf0f\" data-element_type=\"column\" data-e-type=\"column\">\n\t\t\t<div class=\"elementor-widget-wrap elementor-element-populated\">\n\t\t\t\t\t\t<div class=\"elementor-element elementor-element-1fa08b0 elementor-position-top elementor-widget elementor-widget-image-box\" data-id=\"1fa08b0\" data-element_type=\"widget\" data-e-type=\"widget\" data-widget_type=\"image-box.default\">\n\t\t\t\t<div class=\"elementor-widget-container\">\n\t\t\t\t\t<div class=\"elementor-image-box-wrapper\"><figure class=\"elementor-image-box-img\"><a href=\"https:\/\/recarprofi.cz\/uvod\/komunalni-technika\/rozmetadla-tazena\/\" tabindex=\"-1\"><img loading=\"lazy\" decoding=\"async\" width=\"1024\" height=\"682\" src=\"https:\/\/recarprofi.cz\/wp-content\/uploads\/2019\/07\/pomot-upr-4.jpg\" class=\"attachment-full size-full wp-image-12768\" alt=\"\" srcset=\"https:\/\/recarprofi.cz\/wp-content\/uploads\/2019\/07\/pomot-upr-4.jpg 1024w, https:\/\/recarprofi.cz\/wp-content\/uploads\/2019\/07\/pomot-upr-4-600x400.jpg 600w\" sizes=\"(max-width: 1024px) 100vw, 1024px\" \/><\/a><\/figure><div class=\"elementor-image-box-content\"><h3 class=\"elementor-image-box-title\"><a href=\"https:\/\/recarprofi.cz\/uvod\/komunalni-technika\/rozmetadla-tazena\/\">Rozmetadla ta\u017een\u00e1<\/a><\/h3><p class=\"elementor-image-box-description\">Nosnost 4.000 kg.<\/p><\/div><\/div>\t\t\t\t<\/div>\n\t\t\t\t<\/div>\n\t\t\t\t\t<\/div>\n\t\t<\/div>\n\t\t\t\t\t<\/div>\n\t\t<\/section>\n\t\t\t\t<section class=\"elementor-section elementor-top-section elementor-element elementor-element-d694787 elementor-section-boxed elementor-section-height-default elementor-section-height-default\" data-id=\"d694787\" data-element_type=\"section\" data-e-type=\"section\">\n\t\t\t\t\t\t<div class=\"elementor-container elementor-column-gap-default\">\n\t\t\t\t\t<div class=\"elementor-column elementor-col-50 elementor-top-column elementor-element elementor-element-f9cb410\" data-id=\"f9cb410\" data-element_type=\"column\" data-e-type=\"column\">\n\t\t\t<div class=\"elementor-widget-wrap elementor-element-populated\">\n\t\t\t\t\t\t<div class=\"elementor-element elementor-element-db39106 elementor-position-top elementor-widget elementor-widget-image-box\" data-id=\"db39106\" data-element_type=\"widget\" data-e-type=\"widget\" data-widget_type=\"image-box.default\">\n\t\t\t\t<div class=\"elementor-widget-container\">\n\t\t\t\t\t<div class=\"elementor-image-box-wrapper\"><figure class=\"elementor-image-box-img\"><a href=\"https:\/\/recarprofi.cz\/uvod\/komunalni-technika\/snehove-radlice-zadni\/\" tabindex=\"-1\"><img loading=\"lazy\" decoding=\"async\" width=\"1024\" height=\"877\" src=\"https:\/\/recarprofi.cz\/wp-content\/uploads\/2018\/07\/pronar-pu-t20.5.jpg\" class=\"attachment-full size-full wp-image-10857\" alt=\"\" srcset=\"https:\/\/recarprofi.cz\/wp-content\/uploads\/2018\/07\/pronar-pu-t20.5.jpg 1024w, https:\/\/recarprofi.cz\/wp-content\/uploads\/2018\/07\/pronar-pu-t20.5-600x514.jpg 600w, https:\/\/recarprofi.cz\/wp-content\/uploads\/2018\/07\/pronar-pu-t20.5-420x360.jpg 420w, https:\/\/recarprofi.cz\/wp-content\/uploads\/2018\/07\/pronar-pu-t20.5-744x637.jpg 744w, https:\/\/recarprofi.cz\/wp-content\/uploads\/2018\/07\/pronar-pu-t20.5-768x658.jpg 768w\" sizes=\"(max-width: 1024px) 100vw, 1024px\" \/><\/a><\/figure><div class=\"elementor-image-box-content\"><h3 class=\"elementor-image-box-title\"><a href=\"https:\/\/recarprofi.cz\/uvod\/komunalni-technika\/snehove-radlice-zadni\/\">Sn\u011bhov\u00e9 radlice zadn\u00ed<\/a><\/h3><p class=\"elementor-image-box-description\">Z\u00e1b\u011br od 2 do 3,5 m.<\/p><\/div><\/div>\t\t\t\t<\/div>\n\t\t\t\t<\/div>\n\t\t\t\t\t<\/div>\n\t\t<\/div>\n\t\t\t\t<div class=\"elementor-column elementor-col-50 elementor-top-column elementor-element elementor-element-c78fe56\" data-id=\"c78fe56\" data-element_type=\"column\" data-e-type=\"column\">\n\t\t\t<div class=\"elementor-widget-wrap elementor-element-populated\">\n\t\t\t\t\t\t<div class=\"elementor-element elementor-element-ee05e41 elementor-position-top elementor-widget elementor-widget-image-box\" data-id=\"ee05e41\" data-element_type=\"widget\" data-e-type=\"widget\" data-widget_type=\"image-box.default\">\n\t\t\t\t<div class=\"elementor-widget-container\">\n\t\t\t\t\t<div class=\"elementor-image-box-wrapper\"><figure class=\"elementor-image-box-img\"><a href=\"https:\/\/recarprofi.cz\/uvod\/komunalni-technika\/snehove-radlice-celni\/\" tabindex=\"-1\"><img loading=\"lazy\" decoding=\"async\" width=\"319\" height=\"240\" src=\"https:\/\/recarprofi.cz\/wp-content\/uploads\/2018\/10\/radlice-2600.jpg\" class=\"attachment-full size-full wp-image-11359\" alt=\"\" \/><\/a><\/figure><div class=\"elementor-image-box-content\"><h3 class=\"elementor-image-box-title\"><a href=\"https:\/\/recarprofi.cz\/uvod\/komunalni-technika\/snehove-radlice-celni\/\">Sn\u011bhov\u00e9 radlice \u010deln\u00ed<\/a><\/h3><p class=\"elementor-image-box-description\">Z\u00e1b\u011br od 1,5 do 3 m.<\/p><\/div><\/div>\t\t\t\t<\/div>\n\t\t\t\t<\/div>\n\t\t\t\t\t<\/div>\n\t\t<\/div>\n\t\t\t\t\t<\/div>\n\t\t<\/section>\n\t\t\t\t<\/div>\n\t\t","protected":false},"excerpt":{"rendered":"<p>Traktory komun\u00e1ln\u00ed V\u00fdkon od 15 do 80 kon\u00ed, r\u016fzn\u00e9 n\u00e1stavby a v\u00fdbavy. Komun\u00e1ln\u00ed elektromobil 4&#215;4 Pln\u011b elektrick\u00fd v\u016fz do ter\u00e9nu s pohonem 4&#215;4 a mo\u017enost\u00ed r\u016fzn\u00fdch n\u00e1staveb. Svahov\u00e9 mul\u010dova\u010de Pro pr\u00e1ci ve svaz\u00edch a\u017e do&hellip;<\/p>\n","protected":false},"author":1,"featured_media":23096,"parent":0,"menu_order":5,"comment_status":"closed","ping_status":"closed","template":"","meta":{"footnotes":""},"class_list":["post-6072","page","type-page","status-publish","has-post-thumbnail","hentry"],"_links":{"self":[{"href":"https:\/\/recarprofi.cz\/uvod\/wp-json\/wp\/v2\/pages\/6072","targetHints":{"allow":["GET"]}}],"collection":[{"href":"https:\/\/recarprofi.cz\/uvod\/wp-json\/wp\/v2\/pages"}],"about":[{"href":"https:\/\/recarprofi.cz\/uvod\/wp-json\/wp\/v2\/types\/page"}],"author":[{"embeddable":true,"href":"https:\/\/recarprofi.cz\/uvod\/wp-json\/wp\/v2\/users\/1"}],"replies":[{"embeddable":true,"href":"https:\/\/recarprofi.cz\/uvod\/wp-json\/wp\/v2\/comments?post=6072"}],"version-history":[{"count":201,"href":"https:\/\/recarprofi.cz\/uvod\/wp-json\/wp\/v2\/pages\/6072\/revisions"}],"predecessor-version":[{"id":32763,"href":"https:\/\/recarprofi.cz\/uvod\/wp-json\/wp\/v2\/pages\/6072\/revisions\/32763"}],"wp:featuredmedia":[{"embeddable":true,"href":"https:\/\/recarprofi.cz\/uvod\/wp-json\/wp\/v2\/media\/23096"}],"wp:attachment":[{"href":"https:\/\/recarprofi.cz\/uvod\/wp-json\/wp\/v2\/media?parent=6072"}],"curies":[{"name":"wp","href":"https:\/\/api.w.org\/{rel}","templated":true}]}}