{"id":6795,"date":"2015-07-01T09:03:30","date_gmt":"2015-07-01T07:03:30","guid":{"rendered":"http:\/\/recarprofi.cz\/?page_id=6795"},"modified":"2024-08-19T14:02:25","modified_gmt":"2024-08-19T12:02:25","slug":"kontejnerove-nosice","status":"publish","type":"page","link":"https:\/\/recarprofi.cz\/uvod\/zemedelska-technika\/doprava\/kontejnerove-nosice\/","title":{"rendered":"Nosi\u010de kontejner\u016f"},"content":{"rendered":"\t\t<div data-elementor-type=\"wp-page\" data-elementor-id=\"6795\" class=\"elementor elementor-6795\">\n\t\t\t\t\t\t<section class=\"elementor-section elementor-top-section elementor-element elementor-element-2457b86 elementor-section-boxed elementor-section-height-default elementor-section-height-default\" data-id=\"2457b86\" data-element_type=\"section\" data-e-type=\"section\">\n\t\t\t\t\t\t<div class=\"elementor-container elementor-column-gap-default\">\n\t\t\t\t\t<div class=\"elementor-column elementor-col-100 elementor-top-column elementor-element elementor-element-637a942\" data-id=\"637a942\" data-element_type=\"column\" data-e-type=\"column\">\n\t\t\t<div class=\"elementor-widget-wrap elementor-element-populated\">\n\t\t\t\t\t\t<div class=\"elementor-element elementor-element-ea9d815 elementor-position-left elementor-vertical-align-top elementor-widget elementor-widget-image-box\" data-id=\"ea9d815\" data-element_type=\"widget\" data-e-type=\"widget\" data-widget_type=\"image-box.default\">\n\t\t\t\t<div class=\"elementor-widget-container\">\n\t\t\t\t\t<div class=\"elementor-image-box-wrapper\"><figure class=\"elementor-image-box-img\"><a href=\"https:\/\/recarprofi.cz\/uvod\/zemedelska-technika\/doprava\/kontejnerove-nosice\/nosic-kontejneru-6t\/\" tabindex=\"-1\"><img fetchpriority=\"high\" decoding=\"async\" width=\"600\" height=\"600\" src=\"https:\/\/recarprofi.cz\/wp-content\/uploads\/2015\/07\/metaltech.jpg\" class=\"attachment-full size-full wp-image-6799\" alt=\"\" srcset=\"https:\/\/recarprofi.cz\/wp-content\/uploads\/2015\/07\/metaltech.jpg 600w, https:\/\/recarprofi.cz\/wp-content\/uploads\/2015\/07\/metaltech-100x100.jpg 100w, https:\/\/recarprofi.cz\/wp-content\/uploads\/2015\/07\/metaltech-416x416.jpg 416w\" sizes=\"(max-width: 600px) 100vw, 600px\" \/><\/a><\/figure><div class=\"elementor-image-box-content\"><h3 class=\"elementor-image-box-title\"><a href=\"https:\/\/recarprofi.cz\/uvod\/zemedelska-technika\/doprava\/kontejnerove-nosice\/nosic-kontejneru-6t\/\">Nosi\u010d kontejner\u016f Metaltech<\/a><\/h3><p class=\"elementor-image-box-description\">Nosnost 4,6t.<\/p><\/div><\/div>\t\t\t\t<\/div>\n\t\t\t\t<\/div>\n\t\t\t\t\t<\/div>\n\t\t<\/div>\n\t\t\t\t\t<\/div>\n\t\t<\/section>\n\t\t\t\t<section class=\"elementor-section elementor-top-section elementor-element elementor-element-a6cf329 elementor-section-boxed elementor-section-height-default elementor-section-height-default\" data-id=\"a6cf329\" data-element_type=\"section\" data-e-type=\"section\">\n\t\t\t\t\t\t<div class=\"elementor-container elementor-column-gap-default\">\n\t\t\t\t\t<div class=\"elementor-column elementor-col-100 elementor-top-column elementor-element elementor-element-5c10542\" data-id=\"5c10542\" data-element_type=\"column\" data-e-type=\"column\">\n\t\t\t<div class=\"elementor-widget-wrap elementor-element-populated\">\n\t\t\t\t\t\t<div class=\"elementor-element elementor-element-cc03126 elementor-position-left elementor-vertical-align-top elementor-widget elementor-widget-image-box\" data-id=\"cc03126\" data-element_type=\"widget\" data-e-type=\"widget\" data-widget_type=\"image-box.default\">\n\t\t\t\t<div class=\"elementor-widget-container\">\n\t\t\t\t\t<div class=\"elementor-image-box-wrapper\"><figure class=\"elementor-image-box-img\"><a href=\"https:\/\/recarprofi.cz\/uvod\/zemedelska-technika\/doprava\/kontejnerove-nosice\/nosic-kontejneru-7t\/\" tabindex=\"-1\"><img decoding=\"async\" width=\"713\" height=\"473\" src=\"https:\/\/recarprofi.cz\/wp-content\/uploads\/2015\/07\/ursus-t145.2.jpg\" class=\"attachment-full size-full wp-image-6806\" alt=\"\" srcset=\"https:\/\/recarprofi.cz\/wp-content\/uploads\/2015\/07\/ursus-t145.2.jpg 713w, https:\/\/recarprofi.cz\/wp-content\/uploads\/2015\/07\/ursus-t145.2-600x398.jpg 600w, https:\/\/recarprofi.cz\/wp-content\/uploads\/2015\/07\/ursus-t145.2-300x199.jpg 300w\" sizes=\"(max-width: 713px) 100vw, 713px\" \/><\/a><\/figure><div class=\"elementor-image-box-content\"><h3 class=\"elementor-image-box-title\"><a href=\"https:\/\/recarprofi.cz\/uvod\/zemedelska-technika\/doprava\/kontejnerove-nosice\/nosic-kontejneru-7t\/\">Nos\u00ed\u010d kontejner\u016f Ursus T-145<\/a><\/h3><p class=\"elementor-image-box-description\">Nosnost 8,3t.<\/p><\/div><\/div>\t\t\t\t<\/div>\n\t\t\t\t<\/div>\n\t\t\t\t\t<\/div>\n\t\t<\/div>\n\t\t\t\t\t<\/div>\n\t\t<\/section>\n\t\t\t\t<section class=\"elementor-section elementor-top-section elementor-element elementor-element-8d3a250 elementor-section-boxed elementor-section-height-default elementor-section-height-default\" data-id=\"8d3a250\" data-element_type=\"section\" data-e-type=\"section\">\n\t\t\t\t\t\t<div class=\"elementor-container elementor-column-gap-default\">\n\t\t\t\t\t<div class=\"elementor-column elementor-col-100 elementor-top-column elementor-element elementor-element-9360b71\" data-id=\"9360b71\" data-element_type=\"column\" data-e-type=\"column\">\n\t\t\t<div class=\"elementor-widget-wrap elementor-element-populated\">\n\t\t\t\t\t\t<div class=\"elementor-element elementor-element-4216a6b elementor-position-left elementor-vertical-align-top elementor-widget elementor-widget-image-box\" data-id=\"4216a6b\" data-element_type=\"widget\" data-e-type=\"widget\" data-widget_type=\"image-box.default\">\n\t\t\t\t<div class=\"elementor-widget-container\">\n\t\t\t\t\t<div class=\"elementor-image-box-wrapper\"><figure class=\"elementor-image-box-img\"><a href=\"https:\/\/recarprofi.cz\/uvod\/zemedelska-technika\/doprava\/kontejnerove-nosice\/nosic-kontejneru-12t\/\" tabindex=\"-1\"><img decoding=\"async\" width=\"600\" height=\"398\" src=\"https:\/\/recarprofi.cz\/wp-content\/uploads\/2015\/07\/pronar-t185.1.jpg\" class=\"attachment-full size-full wp-image-6812\" alt=\"\" srcset=\"https:\/\/recarprofi.cz\/wp-content\/uploads\/2015\/07\/pronar-t185.1.jpg 600w, https:\/\/recarprofi.cz\/wp-content\/uploads\/2015\/07\/pronar-t185.1-416x276.jpg 416w, https:\/\/recarprofi.cz\/wp-content\/uploads\/2015\/07\/pronar-t185.1-300x199.jpg 300w\" sizes=\"(max-width: 600px) 100vw, 600px\" \/><\/a><\/figure><div class=\"elementor-image-box-content\"><h3 class=\"elementor-image-box-title\"><a href=\"https:\/\/recarprofi.cz\/uvod\/zemedelska-technika\/doprava\/kontejnerove-nosice\/nosic-kontejneru-12t\/\">Nosi\u010d kontejner\u016f Pronar T-185<\/a><\/h3><p class=\"elementor-image-box-description\">Nosnost 12t.<\/p><\/div><\/div>\t\t\t\t<\/div>\n\t\t\t\t<\/div>\n\t\t\t\t\t<\/div>\n\t\t<\/div>\n\t\t\t\t\t<\/div>\n\t\t<\/section>\n\t\t\t\t<section class=\"elementor-section elementor-top-section elementor-element elementor-element-011a080 elementor-section-boxed elementor-section-height-default elementor-section-height-default\" data-id=\"011a080\" data-element_type=\"section\" data-e-type=\"section\">\n\t\t\t\t\t\t<div class=\"elementor-container elementor-column-gap-default\">\n\t\t\t\t\t<div class=\"elementor-column elementor-col-100 elementor-top-column elementor-element elementor-element-47d52d8\" data-id=\"47d52d8\" data-element_type=\"column\" data-e-type=\"column\">\n\t\t\t<div class=\"elementor-widget-wrap elementor-element-populated\">\n\t\t\t\t\t\t<div class=\"elementor-element elementor-element-44dd680 elementor-position-left elementor-vertical-align-top elementor-widget elementor-widget-image-box\" data-id=\"44dd680\" data-element_type=\"widget\" data-e-type=\"widget\" data-widget_type=\"image-box.default\">\n\t\t\t\t<div class=\"elementor-widget-container\">\n\t\t\t\t\t<div class=\"elementor-image-box-wrapper\"><figure class=\"elementor-image-box-img\"><a href=\"https:\/\/recarprofi.cz\/uvod\/zemedelska-technika\/doprava\/kontejnerove-nosice\/nosic-kontejneru-16t\/\" tabindex=\"-1\"><img loading=\"lazy\" decoding=\"async\" width=\"547\" height=\"348\" src=\"https:\/\/recarprofi.cz\/wp-content\/uploads\/2015\/07\/pronar-t285.1.jpg\" class=\"attachment-full size-full wp-image-6819\" alt=\"\" srcset=\"https:\/\/recarprofi.cz\/wp-content\/uploads\/2015\/07\/pronar-t285.1.jpg 547w, https:\/\/recarprofi.cz\/wp-content\/uploads\/2015\/07\/pronar-t285.1-416x265.jpg 416w\" sizes=\"(max-width: 547px) 100vw, 547px\" \/><\/a><\/figure><div class=\"elementor-image-box-content\"><h3 class=\"elementor-image-box-title\"><a href=\"https:\/\/recarprofi.cz\/uvod\/zemedelska-technika\/doprava\/kontejnerove-nosice\/nosic-kontejneru-16t\/\">Nosi\u010d kontejner\u016f Pronar T-285<\/a><\/h3><p class=\"elementor-image-box-description\">Nosnost 16t.<\/p><\/div><\/div>\t\t\t\t<\/div>\n\t\t\t\t<\/div>\n\t\t\t\t\t<\/div>\n\t\t<\/div>\n\t\t\t\t\t<\/div>\n\t\t<\/section>\n\t\t\t\t<\/div>\n\t\t","protected":false},"excerpt":{"rendered":"<p>Nosi\u010d kontejner\u016f Metaltech Nosnost 4,6t. Nos\u00ed\u010d kontejner\u016f Ursus T-145 Nosnost 8,3t. Nosi\u010d kontejner\u016f Pronar T-185 Nosnost 12t. Nosi\u010d kontejner\u016f Pronar T-285 Nosnost 16t.<\/p>\n","protected":false},"author":1,"featured_media":0,"parent":125,"menu_order":5,"comment_status":"closed","ping_status":"closed","template":"","meta":{"footnotes":""},"class_list":["post-6795","page","type-page","status-publish","hentry"],"_links":{"self":[{"href":"https:\/\/recarprofi.cz\/uvod\/wp-json\/wp\/v2\/pages\/6795","targetHints":{"allow":["GET"]}}],"collection":[{"href":"https:\/\/recarprofi.cz\/uvod\/wp-json\/wp\/v2\/pages"}],"about":[{"href":"https:\/\/recarprofi.cz\/uvod\/wp-json\/wp\/v2\/types\/page"}],"author":[{"embeddable":true,"href":"https:\/\/recarprofi.cz\/uvod\/wp-json\/wp\/v2\/users\/1"}],"replies":[{"embeddable":true,"href":"https:\/\/recarprofi.cz\/uvod\/wp-json\/wp\/v2\/comments?post=6795"}],"version-history":[{"count":22,"href":"https:\/\/recarprofi.cz\/uvod\/wp-json\/wp\/v2\/pages\/6795\/revisions"}],"predecessor-version":[{"id":30842,"href":"https:\/\/recarprofi.cz\/uvod\/wp-json\/wp\/v2\/pages\/6795\/revisions\/30842"}],"up":[{"embeddable":true,"href":"https:\/\/recarprofi.cz\/uvod\/wp-json\/wp\/v2\/pages\/125"}],"wp:attachment":[{"href":"https:\/\/recarprofi.cz\/uvod\/wp-json\/wp\/v2\/media?parent=6795"}],"curies":[{"name":"wp","href":"https:\/\/api.w.org\/{rel}","templated":true}]}}