{"id":6803,"date":"2015-07-01T09:30:50","date_gmt":"2015-07-01T07:30:50","guid":{"rendered":"http:\/\/recarprofi.cz\/?page_id=6803"},"modified":"2021-05-17T12:43:50","modified_gmt":"2021-05-17T10:43:50","slug":"nosic-kontejneru-7t","status":"publish","type":"page","link":"https:\/\/recarprofi.cz\/uvod\/zemedelska-technika\/doprava\/kontejnerove-nosice\/nosic-kontejneru-7t\/","title":{"rendered":"Nosi\u010d kontejner\u016f Ursus T-145"},"content":{"rendered":"\t\t<div data-elementor-type=\"wp-page\" data-elementor-id=\"6803\" class=\"elementor elementor-6803\">\n\t\t\t\t\t\t<section class=\"elementor-section elementor-top-section elementor-element elementor-element-71a43bc6 elementor-section-boxed elementor-section-height-default elementor-section-height-default\" data-id=\"71a43bc6\" data-element_type=\"section\" data-e-type=\"section\">\n\t\t\t\t\t\t<div class=\"elementor-container elementor-column-gap-default\">\n\t\t\t\t\t<div class=\"elementor-column elementor-col-100 elementor-top-column elementor-element elementor-element-3b71c3a0\" data-id=\"3b71c3a0\" data-element_type=\"column\" data-e-type=\"column\">\n\t\t\t<div class=\"elementor-widget-wrap elementor-element-populated\">\n\t\t\t\t\t\t<div class=\"elementor-element elementor-element-296ba2d2 elementor-widget elementor-widget-text-editor\" data-id=\"296ba2d2\" data-element_type=\"widget\" data-e-type=\"widget\" data-widget_type=\"text-editor.default\">\n\t\t\t\t<div class=\"elementor-widget-container\">\n\t\t\t\t\t\t\t\t\t<p><a href=\"https:\/\/recarprofi.cz\/wp-content\/uploads\/2015\/07\/ursus-t145.jpg\"><img fetchpriority=\"high\" decoding=\"async\" class=\"aligncenter wp-image-6804 size-full\" src=\"https:\/\/recarprofi.cz\/wp-content\/uploads\/2015\/07\/ursus-t145.jpg\" alt=\"\" width=\"600\" height=\"450\" srcset=\"https:\/\/recarprofi.cz\/wp-content\/uploads\/2015\/07\/ursus-t145.jpg 600w, https:\/\/recarprofi.cz\/wp-content\/uploads\/2015\/07\/ursus-t145-416x312.jpg 416w, https:\/\/recarprofi.cz\/wp-content\/uploads\/2015\/07\/ursus-t145-300x225.jpg 300w\" sizes=\"(max-width: 600px) 100vw, 600px\" \/><\/a><\/p><p>Mechanick\u00e1 no\u017eicov\u00e1 podp\u016frn\u00e1 noha, dvouhadicov\u00e9 pneu brzdy, kola 400\/60-15.5, vahadlov\u00e1 v\u00fdkyvn\u00e1 tandemov\u00e1 n\u00e1prava, z\u00e1v\u011bs spodn\u00ed oto\u010dn\u00fd 50 mm, v\u00fd\u0161ka h\u00e1ku 1.480 mm, rozchod ly\u017ein 1060 mm, rozchod kol 1 800 mm, \u00fahel vyklopen\u00ed 51\u00b0 p\u0159i pot\u0159eb\u011b oleje 13 l, blatn\u00edky kol, elektrohydraulick\u00e9 ovl\u00e1d\u00e1n\u00ed z kabiny traktoru, uzp\u016fsobeno pro aviack\u00e9 kontejnery.<\/p><p>Nosnost\u00a0 \u00a0 \u00a0 \u00a0 \u00a0 \u00a0 \u00a0 \u00a0 \u00a0 \u00a0 \u00a0 \u00a0 \u00a0 \u00a0 8.300 kg<\/p><p>Vlastn\u00ed hmotnost \u00a0 \u00a0 \u00a0 \u00a0 \u00a0 \u00a0 \u00a02.250 kg<\/p><p>Celkov\u00e1 hmotnost\u00a0 \u00a0 \u00a0 \u00a0 \u00a0 \u00a010.550 kg<\/p><p>Kola \u00a0 \u00a0 \u00a0 \u00a0 \u00a0 \u00a0 \u00a0 \u00a0 \u00a0 \u00a0 \u00a0 \u00a0 \u00a0 \u00a0 \u00a0 \u00a0 \u00a0400\/60&#215;15,5<\/p><p>Rychlost \u00a0 \u00a0 \u00a0 \u00a0 \u00a0 \u00a0 \u00a0 \u00a0 \u00a0 \u00a0 \u00a0 \u00a0 \u00a0 \u00a025 km\/hod<\/p><p><a href=\"https:\/\/recarprofi.cz\/wp-content\/uploads\/2015\/07\/ursus-t145.1.jpg\"><img decoding=\"async\" class=\"aligncenter wp-image-6805 size-full\" src=\"https:\/\/recarprofi.cz\/wp-content\/uploads\/2015\/07\/ursus-t145.1.jpg\" alt=\"\" width=\"800\" height=\"387\" srcset=\"https:\/\/recarprofi.cz\/wp-content\/uploads\/2015\/07\/ursus-t145.1.jpg 800w, https:\/\/recarprofi.cz\/wp-content\/uploads\/2015\/07\/ursus-t145.1-600x290.jpg 600w, https:\/\/recarprofi.cz\/wp-content\/uploads\/2015\/07\/ursus-t145.1-300x145.jpg 300w\" sizes=\"(max-width: 800px) 100vw, 800px\" \/><\/a><\/p><p><a href=\"http:\/\/recarprofi.cz\/wp-content\/uploads\/2015\/07\/ursus-t145.2.jpg\"><img decoding=\"async\" class=\"aligncenter wp-image-6806 size-full\" src=\"http:\/\/recarprofi.cz\/wp-content\/uploads\/2015\/07\/ursus-t145.2.jpg\" alt=\"ursus t145.2\" width=\"713\" height=\"473\" srcset=\"https:\/\/recarprofi.cz\/wp-content\/uploads\/2015\/07\/ursus-t145.2.jpg 713w, https:\/\/recarprofi.cz\/wp-content\/uploads\/2015\/07\/ursus-t145.2-600x398.jpg 600w, https:\/\/recarprofi.cz\/wp-content\/uploads\/2015\/07\/ursus-t145.2-300x199.jpg 300w\" sizes=\"(max-width: 713px) 100vw, 713px\" \/><\/a><\/p>\t\t\t\t\t\t\t\t<\/div>\n\t\t\t\t<\/div>\n\t\t\t\t\t<\/div>\n\t\t<\/div>\n\t\t\t\t\t<\/div>\n\t\t<\/section>\n\t\t\t\t<\/div>\n\t\t","protected":false},"excerpt":{"rendered":"<p>Mechanick\u00e1 no\u017eicov\u00e1 podp\u016frn\u00e1 noha, dvouhadicov\u00e9 pneu brzdy, kola 400\/60-15.5, vahadlov\u00e1 v\u00fdkyvn\u00e1 tandemov\u00e1 n\u00e1prava, z\u00e1v\u011bs spodn\u00ed oto\u010dn\u00fd 50 mm, v\u00fd\u0161ka h\u00e1ku 1.480 mm, rozchod ly\u017ein 1060 mm, rozchod kol 1 800 mm, \u00fahel vyklopen\u00ed 51\u00b0 p\u0159i&hellip;<\/p>\n","protected":false},"author":1,"featured_media":0,"parent":6795,"menu_order":2,"comment_status":"closed","ping_status":"closed","template":"","meta":{"footnotes":""},"class_list":["post-6803","page","type-page","status-publish","hentry"],"_links":{"self":[{"href":"https:\/\/recarprofi.cz\/uvod\/wp-json\/wp\/v2\/pages\/6803","targetHints":{"allow":["GET"]}}],"collection":[{"href":"https:\/\/recarprofi.cz\/uvod\/wp-json\/wp\/v2\/pages"}],"about":[{"href":"https:\/\/recarprofi.cz\/uvod\/wp-json\/wp\/v2\/types\/page"}],"author":[{"embeddable":true,"href":"https:\/\/recarprofi.cz\/uvod\/wp-json\/wp\/v2\/users\/1"}],"replies":[{"embeddable":true,"href":"https:\/\/recarprofi.cz\/uvod\/wp-json\/wp\/v2\/comments?post=6803"}],"version-history":[{"count":15,"href":"https:\/\/recarprofi.cz\/uvod\/wp-json\/wp\/v2\/pages\/6803\/revisions"}],"predecessor-version":[{"id":23062,"href":"https:\/\/recarprofi.cz\/uvod\/wp-json\/wp\/v2\/pages\/6803\/revisions\/23062"}],"up":[{"embeddable":true,"href":"https:\/\/recarprofi.cz\/uvod\/wp-json\/wp\/v2\/pages\/6795"}],"wp:attachment":[{"href":"https:\/\/recarprofi.cz\/uvod\/wp-json\/wp\/v2\/media?parent=6803"}],"curies":[{"name":"wp","href":"https:\/\/api.w.org\/{rel}","templated":true}]}}