{"id":6810,"date":"2015-07-01T09:44:46","date_gmt":"2015-07-01T07:44:46","guid":{"rendered":"http:\/\/recarprofi.cz\/?page_id=6810"},"modified":"2020-07-07T08:05:49","modified_gmt":"2020-07-07T06:05:49","slug":"nosic-kontejneru-12t","status":"publish","type":"page","link":"https:\/\/recarprofi.cz\/uvod\/zemedelska-technika\/doprava\/kontejnerove-nosice\/nosic-kontejneru-12t\/","title":{"rendered":"Nosi\u010d kontejner\u016f Pronar T-185"},"content":{"rendered":"\t\t<div data-elementor-type=\"wp-page\" data-elementor-id=\"6810\" class=\"elementor elementor-6810\">\n\t\t\t\t\t\t<section class=\"elementor-section elementor-top-section elementor-element elementor-element-20d01ed9 elementor-section-boxed elementor-section-height-default elementor-section-height-default\" data-id=\"20d01ed9\" data-element_type=\"section\" data-e-type=\"section\">\n\t\t\t\t\t\t<div class=\"elementor-container elementor-column-gap-default\">\n\t\t\t\t\t<div class=\"elementor-column elementor-col-100 elementor-top-column elementor-element elementor-element-6fc3235a\" data-id=\"6fc3235a\" data-element_type=\"column\" data-e-type=\"column\">\n\t\t\t<div class=\"elementor-widget-wrap elementor-element-populated\">\n\t\t\t\t\t\t<div class=\"elementor-element elementor-element-1ee37e6a elementor-widget elementor-widget-text-editor\" data-id=\"1ee37e6a\" data-element_type=\"widget\" data-e-type=\"widget\" data-widget_type=\"text-editor.default\">\n\t\t\t\t<div class=\"elementor-widget-container\">\n\t\t\t\t\t\t\t\t\t<p>\u00a0<\/p><p><a href=\"https:\/\/recarprofi.cz\/wp-content\/uploads\/2015\/07\/pronar-t185.jpg\"><img fetchpriority=\"high\" decoding=\"async\" class=\"aligncenter wp-image-6811 size-full\" src=\"https:\/\/recarprofi.cz\/wp-content\/uploads\/2015\/07\/pronar-t185.jpg\" alt=\"\" width=\"600\" height=\"399\" srcset=\"https:\/\/recarprofi.cz\/wp-content\/uploads\/2015\/07\/pronar-t185.jpg 600w, https:\/\/recarprofi.cz\/wp-content\/uploads\/2015\/07\/pronar-t185-416x277.jpg 416w, https:\/\/recarprofi.cz\/wp-content\/uploads\/2015\/07\/pronar-t185-300x200.jpg 300w\" sizes=\"(max-width: 600px) 100vw, 600px\" \/><\/a><\/p><p><strong>Kontejnerov\u00fd nosi\u010d PRONAR T 185 <\/strong><\/p><p>o nosnosti <strong>12 130 kg<\/strong> je n\u00e1v\u011bs p\u0159izp\u016fsoben k obsluze mnoha typ\u016f kontejner\u016f. Jeho v\u0161estrann\u00e9 vyu\u017eit\u00ed a spolehnliv\u00e1 konstrukce je oce\u0148ovan\u00e1 u nejn\u00e1ro\u010dn\u011bj\u0161\u00ed klientely.<br \/>P\u00edstnice blokuj\u00edc\u00ed vahadla zav\u011b\u0161en\u00ed zvy\u0161uj\u00ed stabilitu stroje p\u0159i natahov\u00e1n\u00ed pln\u00fdch kontejner\u016f. Ochrann\u00e9 kryty sv\u00edtidel chr\u00e1n\u00ed osv\u011btlen\u00ed p\u0159i v\u00fdsypu materi\u00e1lu a taky b\u011bhem couv\u00e1n\u00ed. Vysouvateln\u00fd zadn\u00ed podp\u016frn\u00fd r\u00e1m se p\u0159izp\u016fsobuje d\u00e9lce kontejneru a sv\u011btla z\u016fst\u00e1vaj\u00ed na sv\u00e9m m\u00edst\u011b. H\u00e1k m\u00e1 2 pozice natahov\u00e1n\u00ed <strong>1 450 mm a 1 570 mm<\/strong> zv\u011bt\u0161uje variabilitu nasazen\u00ed stroje. Riziko zne\u010di\u0161t\u011bn\u00ed hydraulick\u00fdch p\u0159\u00edvod\u016f z\u016fstalo eliminov\u00e1no d\u00edky speci\u00e1ln\u00edm hn\u00edzd\u016fm ulo\u017een\u00ed, do kter\u00fdch se vkl\u00e1daj\u00ed ihned po odepnut\u00ed nosi\u010de.<strong> Agregace s traktory ji\u017e od 72 kon\u00ed.<\/strong><\/p><table border=\"0\"><tbody><tr><td colspan=\"3\"><strong>Z\u00e1kladn\u00ed technick\u00e1 specifikace<\/strong><\/td><\/tr><tr><td>Celkov\u00e1 hmotnost<\/td><td>15 000<\/td><td>kg<\/td><\/tr><tr><td>Nosnost v\u010detn\u011b kontejneru<\/td><td>12 130*<\/td><td>kg<\/td><\/tr><tr><td>Vlastn\u00ed hmotnost<\/td><td>2 870<\/td><td>kg<\/td><\/tr><tr><td>D\u00e9lka bez kontejneru<\/td><td>5 940<\/td><td>mm<\/td><\/tr><tr><td>D\u00e9lka s nejdel\u0161\u00edm\/nejkrat\u0161\u00edm kontejnerem<\/td><td>6 415\/6 782<\/td><td>mm<\/td><\/tr><tr><td>\u0160\u00ed\u0159ka bez kontejneru<\/td><td>2 360<\/td><td>mm<\/td><\/tr><tr><td>\u0160\u00ed\u0159ka s kontejnerem min\/max<\/td><td>2 360\/2 550<\/td><td>mm<\/td><\/tr><tr><td>V\u00fd\u0161ka h\u00e1ku<\/td><td>1450\/1570<\/td><td>mm<\/td><\/tr><tr><td>Rozchod ly\u017ein<\/td><td>1 070<\/td><td>mm<\/td><\/tr><tr><td colspan=\"3\"><strong>P\u0159\u00edpustn\u00e9 rozm\u011bry kontejneru<\/strong><\/td><\/tr><tr><td>D\u00e9lka min\/max<\/td><td>4 540\/4 907<\/td><td>mm<\/td><\/tr><tr><td>\u0160\u00ed\u0159ka<\/td><td>max 2 550<\/td><td>mm<\/td><\/tr><tr><td>V\u00fd\u0161ka<\/td><td>max 2 000<\/td><td>mm<\/td><\/tr><tr><td>V\u00fd\u0161ka stroje s kont.\/ bez kont.<\/td><td>2 512\/2 898**<\/td><td>mm<\/td><\/tr><tr><td>Maxim\u00e1ln\u00ed \u00fahel vykl\u00e1dky\/mno\u017estv\u00ed oleje<\/td><td>46\/15<\/td><td><sup>o<\/sup>\/l<\/td><\/tr><tr><td>Rozchod kol<\/td><td>1 830<\/td><td>mm<\/td><\/tr><tr><td>Zav\u011b\u0161en\u00ed<\/td><td colspan=\"2\">v\u00fdkyvn\u00e1 tandemov\u00e1 n\u00e1prava<\/td><\/tr><tr><td>Zat\u00ed\u017een\u00ed oje<\/td><td>2 000<\/td><td>kg<\/td><\/tr><tr><td>Kola<\/td><td>500\/50-17<\/td><td>\u00a0<\/td><\/tr><tr><td>Rychlost<\/td><td>40<\/td><td>km\/h<\/td><\/tr><\/tbody><\/table><p><a href=\"http:\/\/recarprofi.cz\/wp-content\/uploads\/2015\/07\/pronar-t185.2.jpg\"><img decoding=\"async\" class=\"aligncenter wp-image-6813 size-full\" src=\"https:\/\/recarprofi.cz\/wp-content\/uploads\/2015\/07\/pronar-t185.2.jpg\" alt=\"pronar t185.2\" width=\"600\" height=\"398\" \/><\/a><\/p><p><a href=\"http:\/\/recarprofi.cz\/wp-content\/uploads\/2015\/07\/pronar-t185.1.jpg\"><img decoding=\"async\" class=\"aligncenter wp-image-6812 size-full\" src=\"https:\/\/recarprofi.cz\/wp-content\/uploads\/2015\/07\/pronar-t185.1.jpg\" alt=\"pronar t185.1\" width=\"600\" height=\"398\" srcset=\"https:\/\/recarprofi.cz\/wp-content\/uploads\/2015\/07\/pronar-t185.1.jpg 600w, https:\/\/recarprofi.cz\/wp-content\/uploads\/2015\/07\/pronar-t185.1-416x276.jpg 416w, https:\/\/recarprofi.cz\/wp-content\/uploads\/2015\/07\/pronar-t185.1-300x199.jpg 300w\" sizes=\"(max-width: 600px) 100vw, 600px\" \/><\/a><\/p>\t\t\t\t\t\t\t\t<\/div>\n\t\t\t\t<\/div>\n\t\t\t\t\t<\/div>\n\t\t<\/div>\n\t\t\t\t\t<\/div>\n\t\t<\/section>\n\t\t\t\t<\/div>\n\t\t","protected":false},"excerpt":{"rendered":"<p>Kontejnerov\u00fd nosi\u010d PRONAR T 185 o nosnosti 12 130 kg je n\u00e1v\u011bs p\u0159izp\u016fsoben k obsluze mnoha typ\u016f kontejner\u016f. Jeho v\u0161estrann\u00e9 vyu\u017eit\u00ed a spolehnliv\u00e1 konstrukce je oce\u0148ovan\u00e1 u nejn\u00e1ro\u010dn\u011bj\u0161\u00ed klientely. P\u00edstnice blokuj\u00edc\u00ed vahadla zav\u011b\u0161en\u00ed zvy\u0161uj\u00ed stabilitu&hellip;<\/p>\n","protected":false},"author":1,"featured_media":0,"parent":6795,"menu_order":3,"comment_status":"closed","ping_status":"closed","template":"","meta":{"footnotes":""},"class_list":["post-6810","page","type-page","status-publish","hentry"],"_links":{"self":[{"href":"https:\/\/recarprofi.cz\/uvod\/wp-json\/wp\/v2\/pages\/6810","targetHints":{"allow":["GET"]}}],"collection":[{"href":"https:\/\/recarprofi.cz\/uvod\/wp-json\/wp\/v2\/pages"}],"about":[{"href":"https:\/\/recarprofi.cz\/uvod\/wp-json\/wp\/v2\/types\/page"}],"author":[{"embeddable":true,"href":"https:\/\/recarprofi.cz\/uvod\/wp-json\/wp\/v2\/users\/1"}],"replies":[{"embeddable":true,"href":"https:\/\/recarprofi.cz\/uvod\/wp-json\/wp\/v2\/comments?post=6810"}],"version-history":[{"count":7,"href":"https:\/\/recarprofi.cz\/uvod\/wp-json\/wp\/v2\/pages\/6810\/revisions"}],"predecessor-version":[{"id":22207,"href":"https:\/\/recarprofi.cz\/uvod\/wp-json\/wp\/v2\/pages\/6810\/revisions\/22207"}],"up":[{"embeddable":true,"href":"https:\/\/recarprofi.cz\/uvod\/wp-json\/wp\/v2\/pages\/6795"}],"wp:attachment":[{"href":"https:\/\/recarprofi.cz\/uvod\/wp-json\/wp\/v2\/media?parent=6810"}],"curies":[{"name":"wp","href":"https:\/\/api.w.org\/{rel}","templated":true}]}}