{"id":71,"date":"2013-01-24T17:46:29","date_gmt":"2013-01-24T16:46:29","guid":{"rendered":"http:\/\/recarprofi.cz\/?page_id=71"},"modified":"2026-01-06T15:21:40","modified_gmt":"2026-01-06T14:21:40","slug":"manipulacni-technika","status":"publish","type":"page","link":"https:\/\/recarprofi.cz\/uvod\/manipulacni-technika\/","title":{"rendered":"Manipula\u010dn\u00ed technika"},"content":{"rendered":"\t\t<div data-elementor-type=\"wp-page\" data-elementor-id=\"71\" class=\"elementor elementor-71\">\n\t\t\t\t\t\t<section class=\"elementor-section elementor-top-section elementor-element elementor-element-d08e00c elementor-section-boxed elementor-section-height-default elementor-section-height-default\" data-id=\"d08e00c\" data-element_type=\"section\" data-e-type=\"section\">\n\t\t\t\t\t\t<div class=\"elementor-container elementor-column-gap-default\">\n\t\t\t\t\t<div class=\"elementor-column elementor-col-50 elementor-top-column elementor-element elementor-element-59920aa\" data-id=\"59920aa\" data-element_type=\"column\" data-e-type=\"column\">\n\t\t\t<div class=\"elementor-widget-wrap elementor-element-populated\">\n\t\t\t\t\t\t<div class=\"elementor-element elementor-element-0b3cbbc elementor-position-top elementor-widget elementor-widget-image-box\" data-id=\"0b3cbbc\" data-element_type=\"widget\" data-e-type=\"widget\" data-widget_type=\"image-box.default\">\n\t\t\t\t<div class=\"elementor-widget-container\">\n\t\t\t\t\t<div class=\"elementor-image-box-wrapper\"><figure class=\"elementor-image-box-img\"><a href=\"https:\/\/recarprofi.cz\/uvod\/manipulacni-technika\/vysokozdvizne-voziky-baoli\/\" tabindex=\"-1\"><img fetchpriority=\"high\" decoding=\"async\" width=\"2000\" height=\"1384\" src=\"https:\/\/recarprofi.cz\/wp-content\/uploads\/2024\/07\/cropped-baoli-kbd-305-scaled-1.jpg\" class=\"attachment-full size-full wp-image-32578\" alt=\"\" srcset=\"https:\/\/recarprofi.cz\/wp-content\/uploads\/2024\/07\/cropped-baoli-kbd-305-scaled-1.jpg 2000w, https:\/\/recarprofi.cz\/wp-content\/uploads\/2024\/07\/cropped-baoli-kbd-305-scaled-1-744x515.jpg 744w, https:\/\/recarprofi.cz\/wp-content\/uploads\/2024\/07\/cropped-baoli-kbd-305-scaled-1-1200x830.jpg 1200w, https:\/\/recarprofi.cz\/wp-content\/uploads\/2024\/07\/cropped-baoli-kbd-305-scaled-1-420x291.jpg 420w, https:\/\/recarprofi.cz\/wp-content\/uploads\/2024\/07\/cropped-baoli-kbd-305-scaled-1-768x531.jpg 768w, https:\/\/recarprofi.cz\/wp-content\/uploads\/2024\/07\/cropped-baoli-kbd-305-scaled-1-1536x1063.jpg 1536w, https:\/\/recarprofi.cz\/wp-content\/uploads\/2024\/07\/cropped-baoli-kbd-305-scaled-1-600x415.jpg 600w\" sizes=\"(max-width: 2000px) 100vw, 2000px\" \/><\/a><\/figure><div class=\"elementor-image-box-content\"><h3 class=\"elementor-image-box-title\"><a href=\"https:\/\/recarprofi.cz\/uvod\/manipulacni-technika\/vysokozdvizne-voziky-baoli\/\">Vysokozdvi\u017en\u00e9 voz\u00edky Baoli<\/a><\/h3><\/div><\/div>\t\t\t\t<\/div>\n\t\t\t\t<\/div>\n\t\t\t\t\t<\/div>\n\t\t<\/div>\n\t\t\t\t<div class=\"elementor-column elementor-col-50 elementor-top-column elementor-element elementor-element-c782e7f\" data-id=\"c782e7f\" data-element_type=\"column\" data-e-type=\"column\">\n\t\t\t<div class=\"elementor-widget-wrap elementor-element-populated\">\n\t\t\t\t\t\t<div class=\"elementor-element elementor-element-cfd4f01 elementor-position-top elementor-widget elementor-widget-image-box\" data-id=\"cfd4f01\" data-element_type=\"widget\" data-e-type=\"widget\" data-widget_type=\"image-box.default\">\n\t\t\t\t<div class=\"elementor-widget-container\">\n\t\t\t\t\t<div class=\"elementor-image-box-wrapper\"><figure class=\"elementor-image-box-img\"><a href=\"https:\/\/recarprofi.cz\/uvod\/manipulacni-technika\/vysokozdvizne-voziky-hyundai\/\" tabindex=\"-1\"><img decoding=\"async\" width=\"722\" height=\"600\" src=\"https:\/\/recarprofi.cz\/wp-content\/uploads\/2019\/01\/hyundai-25d-9.2.jpg\" class=\"attachment-full size-full wp-image-11470\" alt=\"\" srcset=\"https:\/\/recarprofi.cz\/wp-content\/uploads\/2019\/01\/hyundai-25d-9.2.jpg 722w, https:\/\/recarprofi.cz\/wp-content\/uploads\/2019\/01\/hyundai-25d-9.2-600x499.jpg 600w, https:\/\/recarprofi.cz\/wp-content\/uploads\/2019\/01\/hyundai-25d-9.2-420x349.jpg 420w\" sizes=\"(max-width: 722px) 100vw, 722px\" \/><\/a><\/figure><div class=\"elementor-image-box-content\"><h3 class=\"elementor-image-box-title\"><a href=\"https:\/\/recarprofi.cz\/uvod\/manipulacni-technika\/vysokozdvizne-voziky-hyundai\/\">Vysokozdvi\u017en\u00e9 voz\u00edky Hyundai<\/a><\/h3><\/div><\/div>\t\t\t\t<\/div>\n\t\t\t\t<\/div>\n\t\t\t\t\t<\/div>\n\t\t<\/div>\n\t\t\t\t\t<\/div>\n\t\t<\/section>\n\t\t\t\t<section class=\"elementor-section elementor-top-section elementor-element elementor-element-49a1b6d elementor-section-boxed elementor-section-height-default elementor-section-height-default\" data-id=\"49a1b6d\" data-element_type=\"section\" data-e-type=\"section\">\n\t\t\t\t\t\t<div class=\"elementor-container elementor-column-gap-default\">\n\t\t\t\t\t<div class=\"elementor-column elementor-col-100 elementor-top-column elementor-element elementor-element-2c3a929\" data-id=\"2c3a929\" data-element_type=\"column\" data-e-type=\"column\">\n\t\t\t<div class=\"elementor-widget-wrap elementor-element-populated\">\n\t\t\t\t\t\t<div class=\"elementor-element elementor-element-90108d0 elementor-widget elementor-widget-spacer\" data-id=\"90108d0\" data-element_type=\"widget\" data-e-type=\"widget\" data-widget_type=\"spacer.default\">\n\t\t\t\t<div class=\"elementor-widget-container\">\n\t\t\t\t\t\t\t<div class=\"elementor-spacer\">\n\t\t\t<div class=\"elementor-spacer-inner\"><\/div>\n\t\t<\/div>\n\t\t\t\t\t\t<\/div>\n\t\t\t\t<\/div>\n\t\t\t\t\t<\/div>\n\t\t<\/div>\n\t\t\t\t\t<\/div>\n\t\t<\/section>\n\t\t\t\t<section class=\"elementor-section elementor-top-section elementor-element elementor-element-c12aa00 elementor-section-boxed elementor-section-height-default elementor-section-height-default\" data-id=\"c12aa00\" data-element_type=\"section\" data-e-type=\"section\">\n\t\t\t\t\t\t<div class=\"elementor-container elementor-column-gap-default\">\n\t\t\t\t\t<div class=\"elementor-column elementor-col-50 elementor-top-column elementor-element elementor-element-d1b27e4\" data-id=\"d1b27e4\" data-element_type=\"column\" data-e-type=\"column\">\n\t\t\t<div class=\"elementor-widget-wrap elementor-element-populated\">\n\t\t\t\t\t\t<div class=\"elementor-element elementor-element-a521f07 elementor-position-top elementor-widget elementor-widget-image-box\" data-id=\"a521f07\" data-element_type=\"widget\" data-e-type=\"widget\" data-widget_type=\"image-box.default\">\n\t\t\t\t<div class=\"elementor-widget-container\">\n\t\t\t\t\t<div class=\"elementor-image-box-wrapper\"><figure class=\"elementor-image-box-img\"><a href=\"https:\/\/recarprofi.cz\/uvod\/manipulacni-technika\/terenni-vysokozdvizne-voziky\/\" tabindex=\"-1\"><img decoding=\"async\" width=\"800\" height=\"800\" src=\"https:\/\/recarprofi.cz\/wp-content\/uploads\/2025\/03\/agrimac-tw25.jpg\" class=\"attachment-full size-full wp-image-32307\" alt=\"\" srcset=\"https:\/\/recarprofi.cz\/wp-content\/uploads\/2025\/03\/agrimac-tw25.jpg 800w, https:\/\/recarprofi.cz\/wp-content\/uploads\/2025\/03\/agrimac-tw25-744x744.jpg 744w, https:\/\/recarprofi.cz\/wp-content\/uploads\/2025\/03\/agrimac-tw25-420x420.jpg 420w, https:\/\/recarprofi.cz\/wp-content\/uploads\/2025\/03\/agrimac-tw25-768x768.jpg 768w, https:\/\/recarprofi.cz\/wp-content\/uploads\/2025\/03\/agrimac-tw25-600x600.jpg 600w, https:\/\/recarprofi.cz\/wp-content\/uploads\/2025\/03\/agrimac-tw25-100x100.jpg 100w\" sizes=\"(max-width: 800px) 100vw, 800px\" \/><\/a><\/figure><div class=\"elementor-image-box-content\"><h3 class=\"elementor-image-box-title\"><a href=\"https:\/\/recarprofi.cz\/uvod\/manipulacni-technika\/terenni-vysokozdvizne-voziky\/\">Ter\u00e9nn\u00ed vysokozdvi\u017en\u00e9 voz\u00edky <\/a><\/h3><\/div><\/div>\t\t\t\t<\/div>\n\t\t\t\t<\/div>\n\t\t\t\t\t<\/div>\n\t\t<\/div>\n\t\t\t\t<div class=\"elementor-column elementor-col-50 elementor-top-column elementor-element elementor-element-c1fa375\" data-id=\"c1fa375\" data-element_type=\"column\" data-e-type=\"column\">\n\t\t\t<div class=\"elementor-widget-wrap elementor-element-populated\">\n\t\t\t\t\t\t<div class=\"elementor-element elementor-element-605cb79 elementor-position-top elementor-widget elementor-widget-image-box\" data-id=\"605cb79\" data-element_type=\"widget\" data-e-type=\"widget\" data-widget_type=\"image-box.default\">\n\t\t\t\t<div class=\"elementor-widget-container\">\n\t\t\t\t\t<div class=\"elementor-image-box-wrapper\"><figure class=\"elementor-image-box-img\"><a href=\"https:\/\/recarprofi.cz\/uvod\/manipulacni-technika\/ctyrcestne-vysokozdvizne-voziky-combilift\/\" tabindex=\"-1\"><img loading=\"lazy\" decoding=\"async\" width=\"1200\" height=\"1059\" src=\"https:\/\/recarprofi.cz\/wp-content\/uploads\/2019\/03\/combilift-c45001.jpg\" class=\"attachment-full size-full wp-image-11767\" alt=\"\" srcset=\"https:\/\/recarprofi.cz\/wp-content\/uploads\/2019\/03\/combilift-c45001.jpg 1200w, https:\/\/recarprofi.cz\/wp-content\/uploads\/2019\/03\/combilift-c45001-600x530.jpg 600w, https:\/\/recarprofi.cz\/wp-content\/uploads\/2019\/03\/combilift-c45001-420x371.jpg 420w, https:\/\/recarprofi.cz\/wp-content\/uploads\/2019\/03\/combilift-c45001-744x657.jpg 744w, https:\/\/recarprofi.cz\/wp-content\/uploads\/2019\/03\/combilift-c45001-768x678.jpg 768w\" sizes=\"(max-width: 1200px) 100vw, 1200px\" \/><\/a><\/figure><div class=\"elementor-image-box-content\"><h3 class=\"elementor-image-box-title\"><a href=\"https:\/\/recarprofi.cz\/uvod\/manipulacni-technika\/ctyrcestne-vysokozdvizne-voziky-combilift\/\">\u010cty\u0159cestn\u00e9 voz\u00edky Combilift<\/a><\/h3><\/div><\/div>\t\t\t\t<\/div>\n\t\t\t\t<\/div>\n\t\t\t\t\t<\/div>\n\t\t<\/div>\n\t\t\t\t\t<\/div>\n\t\t<\/section>\n\t\t\t\t<section class=\"elementor-section elementor-top-section elementor-element elementor-element-fd796f7 elementor-section-boxed elementor-section-height-default elementor-section-height-default\" data-id=\"fd796f7\" data-element_type=\"section\" data-e-type=\"section\">\n\t\t\t\t\t\t<div class=\"elementor-container elementor-column-gap-default\">\n\t\t\t\t\t<div class=\"elementor-column elementor-col-100 elementor-top-column elementor-element elementor-element-ec2c66a\" data-id=\"ec2c66a\" data-element_type=\"column\" data-e-type=\"column\">\n\t\t\t<div class=\"elementor-widget-wrap elementor-element-populated\">\n\t\t\t\t\t\t<div class=\"elementor-element elementor-element-7535c68 elementor-widget elementor-widget-spacer\" data-id=\"7535c68\" data-element_type=\"widget\" data-e-type=\"widget\" data-widget_type=\"spacer.default\">\n\t\t\t\t<div class=\"elementor-widget-container\">\n\t\t\t\t\t\t\t<div class=\"elementor-spacer\">\n\t\t\t<div class=\"elementor-spacer-inner\"><\/div>\n\t\t<\/div>\n\t\t\t\t\t\t<\/div>\n\t\t\t\t<\/div>\n\t\t\t\t\t<\/div>\n\t\t<\/div>\n\t\t\t\t\t<\/div>\n\t\t<\/section>\n\t\t\t\t<section class=\"elementor-section elementor-top-section elementor-element elementor-element-bc2322b elementor-section-boxed elementor-section-height-default elementor-section-height-default\" data-id=\"bc2322b\" data-element_type=\"section\" data-e-type=\"section\">\n\t\t\t\t\t\t<div class=\"elementor-container elementor-column-gap-default\">\n\t\t\t\t\t<div class=\"elementor-column elementor-col-50 elementor-top-column elementor-element elementor-element-e84c00c\" data-id=\"e84c00c\" data-element_type=\"column\" data-e-type=\"column\">\n\t\t\t<div class=\"elementor-widget-wrap elementor-element-populated\">\n\t\t\t\t\t\t<div class=\"elementor-element elementor-element-75b4bc2 elementor-position-top elementor-widget elementor-widget-image-box\" data-id=\"75b4bc2\" data-element_type=\"widget\" data-e-type=\"widget\" data-widget_type=\"image-box.default\">\n\t\t\t\t<div class=\"elementor-widget-container\">\n\t\t\t\t\t<div class=\"elementor-image-box-wrapper\"><figure class=\"elementor-image-box-img\"><a href=\"https:\/\/recarprofi.cz\/uvod\/manipulacni-technika\/elektricke-velkotonazni-voziky-raniero\/\" tabindex=\"-1\"><img loading=\"lazy\" decoding=\"async\" width=\"800\" height=\"600\" src=\"https:\/\/recarprofi.cz\/wp-content\/uploads\/2018\/04\/raniero6-e1583996917259.jpg\" class=\"attachment-full size-full wp-image-10394\" alt=\"\" srcset=\"https:\/\/recarprofi.cz\/wp-content\/uploads\/2018\/04\/raniero6-e1583996917259.jpg 800w, https:\/\/recarprofi.cz\/wp-content\/uploads\/2018\/04\/raniero6-e1583996917259-600x450.jpg 600w\" sizes=\"(max-width: 800px) 100vw, 800px\" \/><\/a><\/figure><div class=\"elementor-image-box-content\"><h3 class=\"elementor-image-box-title\"><a href=\"https:\/\/recarprofi.cz\/uvod\/manipulacni-technika\/elektricke-velkotonazni-voziky-raniero\/\">Elektrick\u00e9 velkoton\u00e1\u017en\u00ed voz\u00edky Raniero <\/a><\/h3><\/div><\/div>\t\t\t\t<\/div>\n\t\t\t\t<\/div>\n\t\t\t\t\t<\/div>\n\t\t<\/div>\n\t\t\t\t<div class=\"elementor-column elementor-col-50 elementor-top-column elementor-element elementor-element-becd157\" data-id=\"becd157\" data-element_type=\"column\" data-e-type=\"column\">\n\t\t\t<div class=\"elementor-widget-wrap elementor-element-populated\">\n\t\t\t\t\t\t<div class=\"elementor-element elementor-element-ac5a8a6 elementor-position-top elementor-widget elementor-widget-image-box\" data-id=\"ac5a8a6\" data-element_type=\"widget\" data-e-type=\"widget\" data-widget_type=\"image-box.default\">\n\t\t\t\t<div class=\"elementor-widget-container\">\n\t\t\t\t\t<div class=\"elementor-image-box-wrapper\"><figure class=\"elementor-image-box-img\"><a href=\"https:\/\/recarprofi.cz\/uvod\/manipulacni-technika\/bocni-vysokozdvizne-voziky-combi\/\" tabindex=\"-1\"><img loading=\"lazy\" decoding=\"async\" width=\"923\" height=\"919\" src=\"https:\/\/recarprofi.cz\/wp-content\/uploads\/2018\/08\/combi-4wsl.jpg\" class=\"attachment-full size-full wp-image-11093\" alt=\"\" srcset=\"https:\/\/recarprofi.cz\/wp-content\/uploads\/2018\/08\/combi-4wsl.jpg 923w, https:\/\/recarprofi.cz\/wp-content\/uploads\/2018\/08\/combi-4wsl-100x100.jpg 100w, https:\/\/recarprofi.cz\/wp-content\/uploads\/2018\/08\/combi-4wsl-600x597.jpg 600w\" sizes=\"(max-width: 923px) 100vw, 923px\" \/><\/a><\/figure><div class=\"elementor-image-box-content\"><h3 class=\"elementor-image-box-title\"><a href=\"https:\/\/recarprofi.cz\/uvod\/manipulacni-technika\/bocni-vysokozdvizne-voziky-combi\/\">Bo\u010dn\u00ed vysokozdvi\u017en\u00e9 voz\u00edky Combilift<\/a><\/h3><\/div><\/div>\t\t\t\t<\/div>\n\t\t\t\t<\/div>\n\t\t\t\t\t<\/div>\n\t\t<\/div>\n\t\t\t\t\t<\/div>\n\t\t<\/section>\n\t\t\t\t<section class=\"elementor-section elementor-top-section elementor-element elementor-element-9c7df18 elementor-section-boxed elementor-section-height-default elementor-section-height-default\" data-id=\"9c7df18\" data-element_type=\"section\" data-e-type=\"section\">\n\t\t\t\t\t\t<div class=\"elementor-container elementor-column-gap-default\">\n\t\t\t\t\t<div class=\"elementor-column elementor-col-100 elementor-top-column elementor-element elementor-element-9adb394\" data-id=\"9adb394\" data-element_type=\"column\" data-e-type=\"column\">\n\t\t\t<div class=\"elementor-widget-wrap elementor-element-populated\">\n\t\t\t\t\t\t<div class=\"elementor-element elementor-element-7c52164 elementor-widget elementor-widget-spacer\" data-id=\"7c52164\" data-element_type=\"widget\" data-e-type=\"widget\" data-widget_type=\"spacer.default\">\n\t\t\t\t<div class=\"elementor-widget-container\">\n\t\t\t\t\t\t\t<div class=\"elementor-spacer\">\n\t\t\t<div class=\"elementor-spacer-inner\"><\/div>\n\t\t<\/div>\n\t\t\t\t\t\t<\/div>\n\t\t\t\t<\/div>\n\t\t\t\t\t<\/div>\n\t\t<\/div>\n\t\t\t\t\t<\/div>\n\t\t<\/section>\n\t\t\t\t<section class=\"elementor-section elementor-top-section elementor-element elementor-element-2ca0a26 elementor-section-boxed elementor-section-height-default elementor-section-height-default\" data-id=\"2ca0a26\" data-element_type=\"section\" data-e-type=\"section\">\n\t\t\t\t\t\t<div class=\"elementor-container elementor-column-gap-default\">\n\t\t\t\t\t<div class=\"elementor-column elementor-col-50 elementor-top-column elementor-element elementor-element-5349acd\" data-id=\"5349acd\" data-element_type=\"column\" data-e-type=\"column\">\n\t\t\t<div class=\"elementor-widget-wrap elementor-element-populated\">\n\t\t\t\t\t\t<div class=\"elementor-element elementor-element-340e4f0 elementor-position-top elementor-widget elementor-widget-image-box\" data-id=\"340e4f0\" data-element_type=\"widget\" data-e-type=\"widget\" data-widget_type=\"image-box.default\">\n\t\t\t\t<div class=\"elementor-widget-container\">\n\t\t\t\t\t<div class=\"elementor-image-box-wrapper\"><figure class=\"elementor-image-box-img\"><a href=\"https:\/\/recarprofi.cz\/uvod\/manipulacni-technika\/kloubove-vysokozdvizne-voziky-aisle-master\/\" tabindex=\"-1\"><img loading=\"lazy\" decoding=\"async\" width=\"1024\" height=\"1024\" src=\"https:\/\/recarprofi.cz\/wp-content\/uploads\/2019\/10\/aisle-master.jpg\" class=\"attachment-full size-full wp-image-15746\" alt=\"\" srcset=\"https:\/\/recarprofi.cz\/wp-content\/uploads\/2019\/10\/aisle-master.jpg 1024w, https:\/\/recarprofi.cz\/wp-content\/uploads\/2019\/10\/aisle-master-100x100.jpg 100w, https:\/\/recarprofi.cz\/wp-content\/uploads\/2019\/10\/aisle-master-600x600.jpg 600w, https:\/\/recarprofi.cz\/wp-content\/uploads\/2019\/10\/aisle-master-420x420.jpg 420w, https:\/\/recarprofi.cz\/wp-content\/uploads\/2019\/10\/aisle-master-744x744.jpg 744w, https:\/\/recarprofi.cz\/wp-content\/uploads\/2019\/10\/aisle-master-768x768.jpg 768w, https:\/\/recarprofi.cz\/wp-content\/uploads\/2019\/10\/aisle-master-300x300.jpg 300w\" sizes=\"(max-width: 1024px) 100vw, 1024px\" \/><\/a><\/figure><div class=\"elementor-image-box-content\"><h3 class=\"elementor-image-box-title\"><a href=\"https:\/\/recarprofi.cz\/uvod\/manipulacni-technika\/kloubove-vysokozdvizne-voziky-aisle-master\/\">Kloubov\u00e9 voz\u00edky Aisle-Master<\/a><\/h3><\/div><\/div>\t\t\t\t<\/div>\n\t\t\t\t<\/div>\n\t\t\t\t\t<\/div>\n\t\t<\/div>\n\t\t\t\t<div class=\"elementor-column elementor-col-50 elementor-top-column elementor-element elementor-element-f6a580c\" data-id=\"f6a580c\" data-element_type=\"column\" data-e-type=\"column\">\n\t\t\t<div class=\"elementor-widget-wrap elementor-element-populated\">\n\t\t\t\t\t\t<div class=\"elementor-element elementor-element-d132d62 elementor-position-top elementor-widget elementor-widget-image-box\" data-id=\"d132d62\" data-element_type=\"widget\" data-e-type=\"widget\" data-widget_type=\"image-box.default\">\n\t\t\t\t<div class=\"elementor-widget-container\">\n\t\t\t\t\t<div class=\"elementor-image-box-wrapper\"><figure class=\"elementor-image-box-img\"><a href=\"https:\/\/recarprofi.cz\/uvod\/manipulacni-technika\/rucne-vedene-voziky-baoli\/\" tabindex=\"-1\"><img loading=\"lazy\" decoding=\"async\" width=\"1926\" height=\"2560\" src=\"https:\/\/recarprofi.cz\/wp-content\/uploads\/2024\/03\/baoli-es161-scaled.jpg\" class=\"attachment-full size-full wp-image-28874\" alt=\"\" srcset=\"https:\/\/recarprofi.cz\/wp-content\/uploads\/2024\/03\/baoli-es161-scaled.jpg 1926w, https:\/\/recarprofi.cz\/wp-content\/uploads\/2024\/03\/baoli-es161-744x989.jpg 744w, https:\/\/recarprofi.cz\/wp-content\/uploads\/2024\/03\/baoli-es161-1200x1595.jpg 1200w, https:\/\/recarprofi.cz\/wp-content\/uploads\/2024\/03\/baoli-es161-420x558.jpg 420w, https:\/\/recarprofi.cz\/wp-content\/uploads\/2024\/03\/baoli-es161-768x1021.jpg 768w, https:\/\/recarprofi.cz\/wp-content\/uploads\/2024\/03\/baoli-es161-1156x1536.jpg 1156w, https:\/\/recarprofi.cz\/wp-content\/uploads\/2024\/03\/baoli-es161-1541x2048.jpg 1541w, https:\/\/recarprofi.cz\/wp-content\/uploads\/2024\/03\/baoli-es161-1024x1361.jpg 1024w, https:\/\/recarprofi.cz\/wp-content\/uploads\/2024\/03\/baoli-es161-813x1080.jpg 813w, https:\/\/recarprofi.cz\/wp-content\/uploads\/2024\/03\/baoli-es161-600x797.jpg 600w\" sizes=\"(max-width: 1926px) 100vw, 1926px\" \/><\/a><\/figure><div class=\"elementor-image-box-content\"><h3 class=\"elementor-image-box-title\"><a href=\"https:\/\/recarprofi.cz\/uvod\/manipulacni-technika\/rucne-vedene-voziky-baoli\/\">Ru\u010dn\u011b veden\u00e9 voz\u00edky Baoli<\/a><\/h3><\/div><\/div>\t\t\t\t<\/div>\n\t\t\t\t<\/div>\n\t\t\t\t\t<\/div>\n\t\t<\/div>\n\t\t\t\t\t<\/div>\n\t\t<\/section>\n\t\t\t\t<section class=\"elementor-section elementor-top-section elementor-element elementor-element-caba091 elementor-section-boxed elementor-section-height-default elementor-section-height-default\" data-id=\"caba091\" data-element_type=\"section\" data-e-type=\"section\">\n\t\t\t\t\t\t<div class=\"elementor-container elementor-column-gap-default\">\n\t\t\t\t\t<div class=\"elementor-column elementor-col-100 elementor-top-column elementor-element elementor-element-35513fd\" data-id=\"35513fd\" data-element_type=\"column\" data-e-type=\"column\">\n\t\t\t<div class=\"elementor-widget-wrap elementor-element-populated\">\n\t\t\t\t\t\t<div class=\"elementor-element elementor-element-26d7ab2 elementor-widget elementor-widget-spacer\" data-id=\"26d7ab2\" data-element_type=\"widget\" data-e-type=\"widget\" data-widget_type=\"spacer.default\">\n\t\t\t\t<div class=\"elementor-widget-container\">\n\t\t\t\t\t\t\t<div class=\"elementor-spacer\">\n\t\t\t<div class=\"elementor-spacer-inner\"><\/div>\n\t\t<\/div>\n\t\t\t\t\t\t<\/div>\n\t\t\t\t<\/div>\n\t\t\t\t\t<\/div>\n\t\t<\/div>\n\t\t\t\t\t<\/div>\n\t\t<\/section>\n\t\t\t\t<section class=\"elementor-section elementor-top-section elementor-element elementor-element-632c76e elementor-section-boxed elementor-section-height-default elementor-section-height-default\" data-id=\"632c76e\" data-element_type=\"section\" data-e-type=\"section\">\n\t\t\t\t\t\t<div class=\"elementor-container elementor-column-gap-default\">\n\t\t\t\t\t<div class=\"elementor-column elementor-col-50 elementor-top-column elementor-element elementor-element-bb8a3de\" data-id=\"bb8a3de\" data-element_type=\"column\" data-e-type=\"column\">\n\t\t\t<div class=\"elementor-widget-wrap elementor-element-populated\">\n\t\t\t\t\t\t<div class=\"elementor-element elementor-element-6da6358 elementor-position-top elementor-widget elementor-widget-image-box\" data-id=\"6da6358\" data-element_type=\"widget\" data-e-type=\"widget\" data-widget_type=\"image-box.default\">\n\t\t\t\t<div class=\"elementor-widget-container\">\n\t\t\t\t\t<div class=\"elementor-image-box-wrapper\"><figure class=\"elementor-image-box-img\"><a href=\"https:\/\/recarprofi.cz\/uvod\/manipulacni-technika\/skladova-technika-baoli\/\" tabindex=\"-1\"><img loading=\"lazy\" decoding=\"async\" width=\"656\" height=\"881\" src=\"https:\/\/recarprofi.cz\/wp-content\/uploads\/2024\/04\/baoli-kbr3.png\" class=\"attachment-full size-full wp-image-30204\" alt=\"\" srcset=\"https:\/\/recarprofi.cz\/wp-content\/uploads\/2024\/04\/baoli-kbr3.png 656w, https:\/\/recarprofi.cz\/wp-content\/uploads\/2024\/04\/baoli-kbr3-420x564.png 420w, https:\/\/recarprofi.cz\/wp-content\/uploads\/2024\/04\/baoli-kbr3-600x806.png 600w\" sizes=\"(max-width: 656px) 100vw, 656px\" \/><\/a><\/figure><div class=\"elementor-image-box-content\"><h3 class=\"elementor-image-box-title\"><a href=\"https:\/\/recarprofi.cz\/uvod\/manipulacni-technika\/skladova-technika-baoli\/\">Skladov\u00e1 technika Baoli<\/a><\/h3><\/div><\/div>\t\t\t\t<\/div>\n\t\t\t\t<\/div>\n\t\t\t\t\t<\/div>\n\t\t<\/div>\n\t\t\t\t<div class=\"elementor-column elementor-col-50 elementor-top-column elementor-element elementor-element-a3d984e\" data-id=\"a3d984e\" data-element_type=\"column\" data-e-type=\"column\">\n\t\t\t<div class=\"elementor-widget-wrap elementor-element-populated\">\n\t\t\t\t\t\t<div class=\"elementor-element elementor-element-7626623 elementor-position-top elementor-widget elementor-widget-image-box\" data-id=\"7626623\" data-element_type=\"widget\" data-e-type=\"widget\" data-widget_type=\"image-box.default\">\n\t\t\t\t<div class=\"elementor-widget-container\">\n\t\t\t\t\t<div class=\"elementor-image-box-wrapper\"><figure class=\"elementor-image-box-img\"><a href=\"https:\/\/recarprofi.cz\/uvod\/manipulacni-technika\/skladova-technika-combilift\/\" tabindex=\"-1\"><img loading=\"lazy\" decoding=\"async\" width=\"450\" height=\"500\" src=\"https:\/\/recarprofi.cz\/wp-content\/uploads\/2018\/08\/combi-wr5.jpg\" class=\"attachment-full size-full wp-image-11213\" alt=\"\" srcset=\"https:\/\/recarprofi.cz\/wp-content\/uploads\/2018\/08\/combi-wr5.jpg 450w, https:\/\/recarprofi.cz\/wp-content\/uploads\/2018\/08\/combi-wr5-416x462.jpg 416w, https:\/\/recarprofi.cz\/wp-content\/uploads\/2018\/08\/combi-wr5-420x467.jpg 420w\" sizes=\"(max-width: 450px) 100vw, 450px\" \/><\/a><\/figure><div class=\"elementor-image-box-content\"><h3 class=\"elementor-image-box-title\"><a href=\"https:\/\/recarprofi.cz\/uvod\/manipulacni-technika\/skladova-technika-combilift\/\">Skladov\u00e1 technika Combilift<\/a><\/h3><\/div><\/div>\t\t\t\t<\/div>\n\t\t\t\t<\/div>\n\t\t\t\t\t<\/div>\n\t\t<\/div>\n\t\t\t\t\t<\/div>\n\t\t<\/section>\n\t\t\t\t<\/div>\n\t\t","protected":false},"excerpt":{"rendered":"<p>Vysokozdvi\u017en\u00e9 voz\u00edky Baoli Vysokozdvi\u017en\u00e9 voz\u00edky Hyundai Ter\u00e9nn\u00ed vysokozdvi\u017en\u00e9 voz\u00edky \u010cty\u0159cestn\u00e9 voz\u00edky Combilift Elektrick\u00e9 velkoton\u00e1\u017en\u00ed voz\u00edky Raniero Bo\u010dn\u00ed vysokozdvi\u017en\u00e9 voz\u00edky Combilift Kloubov\u00e9 voz\u00edky Aisle-Master Ru\u010dn\u011b veden\u00e9 voz\u00edky Baoli Skladov\u00e1 technika Baoli Skladov\u00e1 technika Combilift<\/p>\n","protected":false},"author":1,"featured_media":26347,"parent":0,"menu_order":2,"comment_status":"closed","ping_status":"closed","template":"elementor_header_footer","meta":{"footnotes":""},"class_list":["post-71","page","type-page","status-publish","has-post-thumbnail","hentry"],"_links":{"self":[{"href":"https:\/\/recarprofi.cz\/uvod\/wp-json\/wp\/v2\/pages\/71","targetHints":{"allow":["GET"]}}],"collection":[{"href":"https:\/\/recarprofi.cz\/uvod\/wp-json\/wp\/v2\/pages"}],"about":[{"href":"https:\/\/recarprofi.cz\/uvod\/wp-json\/wp\/v2\/types\/page"}],"author":[{"embeddable":true,"href":"https:\/\/recarprofi.cz\/uvod\/wp-json\/wp\/v2\/users\/1"}],"replies":[{"embeddable":true,"href":"https:\/\/recarprofi.cz\/uvod\/wp-json\/wp\/v2\/comments?post=71"}],"version-history":[{"count":310,"href":"https:\/\/recarprofi.cz\/uvod\/wp-json\/wp\/v2\/pages\/71\/revisions"}],"predecessor-version":[{"id":32628,"href":"https:\/\/recarprofi.cz\/uvod\/wp-json\/wp\/v2\/pages\/71\/revisions\/32628"}],"wp:featuredmedia":[{"embeddable":true,"href":"https:\/\/recarprofi.cz\/uvod\/wp-json\/wp\/v2\/media\/26347"}],"wp:attachment":[{"href":"https:\/\/recarprofi.cz\/uvod\/wp-json\/wp\/v2\/media?parent=71"}],"curies":[{"name":"wp","href":"https:\/\/api.w.org\/{rel}","templated":true}]}}