{"id":7499,"date":"2016-02-25T12:23:53","date_gmt":"2016-02-25T11:23:53","guid":{"rendered":"http:\/\/recarprofi.cz\/?page_id=7499"},"modified":"2024-04-26T15:02:05","modified_gmt":"2024-04-26T13:02:05","slug":"retezo-valcova-unia","status":"publish","type":"page","link":"https:\/\/recarprofi.cz\/uvod\/zemedelska-technika\/picniny\/lisy\/retezo-valcova-unia\/","title":{"rendered":"Lisy na kulat\u00e9 bal\u00edky s pevnou \u0159et\u011bzo-v\u00e1lcovou komorou UNIA"},"content":{"rendered":"\t\t<div data-elementor-type=\"wp-page\" data-elementor-id=\"7499\" class=\"elementor elementor-7499\">\n\t\t\t\t\t\t<section class=\"elementor-section elementor-top-section elementor-element elementor-element-54adaaef elementor-section-boxed elementor-section-height-default elementor-section-height-default\" data-id=\"54adaaef\" data-element_type=\"section\" data-e-type=\"section\">\n\t\t\t\t\t\t<div class=\"elementor-container elementor-column-gap-default\">\n\t\t\t\t\t<div class=\"elementor-column elementor-col-100 elementor-top-column elementor-element elementor-element-1564dfc1\" data-id=\"1564dfc1\" data-element_type=\"column\" data-e-type=\"column\">\n\t\t\t<div class=\"elementor-widget-wrap elementor-element-populated\">\n\t\t\t\t\t\t<div class=\"elementor-element elementor-element-57e3c84b elementor-widget elementor-widget-text-editor\" data-id=\"57e3c84b\" data-element_type=\"widget\" data-e-type=\"widget\" data-widget_type=\"text-editor.default\">\n\t\t\t\t<div class=\"elementor-widget-container\">\n\t\t\t\t\t\t\t\t\t<p><strong><a href=\"http:\/\/recarprofi.cz\/wp-content\/uploads\/2018\/07\/unia-df18.jpg\"><img decoding=\"async\" class=\"alignright wp-image-10687 size-full\" src=\"https:\/\/recarprofi.cz\/wp-content\/uploads\/2018\/07\/unia-df18.jpg\" alt=\"\" width=\"160\" height=\"160\" srcset=\"https:\/\/recarprofi.cz\/wp-content\/uploads\/2018\/07\/unia-df18.jpg 160w, https:\/\/recarprofi.cz\/wp-content\/uploads\/2018\/07\/unia-df18-100x100.jpg 100w\" sizes=\"(max-width: 160px) 100vw, 160px\" \/><\/a><\/strong><\/p><p>\u0158et\u011bzovo v\u00e1lcov\u00e1 komora s 8 profilovan\u00fdmi v\u00e1lci a svinovac\u00edm \u0159et\u011bzem. Sb\u00edranou hmotu odeb\u00edr\u00e1 z p\u011bti \u0159ad\u00e9ho sb\u011bra\u010de o \u0161\u00ed\u0159ce 2,1m vkl\u00e1dac\u00ed rotor \u0161roubovit\u00e9 konstrukce, co\u017e zaru\u010duje jeho rovnom\u011brn\u00e9 zat\u011b\u017eov\u00e1n\u00ed. Svinovac\u00ed komora m\u00e1 pr\u016fm\u011br 1,2m. \u0160\u00ed\u0159ka bal\u00edk\u016f je 1,2m. Otev\u00edr\u00e1n\u00ed a zav\u00edr\u00e1n\u00ed komory se prov\u00e1d\u00ed hydraulicky. Pod vkl\u00e1dac\u00edm rotorem je spustiteln\u00e1 podlaha co\u017e usnad\u0148uje \u010di\u0161t\u011bn\u00ed p\u0159i ucp\u00e1n\u00ed. Pohon lisu je zaji\u0161t\u011bn p\u0159es teleskopick\u00fd kardan s automatickou spojkou. Cel\u00fd proces lisov\u00e1n\u00ed je ovl\u00e1d\u00e1n elektronicky kde se d\u00e1 nastavit 5 stup\u0148\u016f s\u00edly slisov\u00e1n\u00ed materi\u00e1lu a po\u010det ovinut\u00ed do prov\u00e1zku nebo s\u00edt\u011b. Lis je vybaven gumov\u00fdmi koly sb\u011bra\u010de, odhazovac\u00ed rampou, mechanick\u00fdm ji\u0161t\u011bn\u00edm komory, reverzem chodu a automatick\u00fdm maz\u00e1n\u00edm \u0159et\u011bz\u016f.<\/p><p><strong>Technick\u00e9 parametry:<\/strong><\/p><table><tbody><tr><td width=\"85\"><strong>Model<\/strong><\/td><td width=\"85\"><strong>DF 1,8 V ECO\u00a0<\/strong><\/td><td width=\"85\"><strong>DF 1,8 V<\/strong><\/td><td width=\"85\"><strong>DF 1,8 VD<\/strong><\/td><\/tr><tr><td width=\"85\">Ovlada\u010d<\/td><td width=\"85\">Starter<\/td><td width=\"85\">Pilot<\/td><td width=\"85\">Pilot<\/td><\/tr><tr><td width=\"85\">Hmotnost (kg)<\/td><td width=\"85\">2.180<\/td><td width=\"85\">2.200<\/td><td width=\"85\">2.300<\/td><\/tr><tr><td width=\"85\">V\u00fdkon traktoru (k)<\/td><td width=\"85\">70<\/td><td width=\"85\">70<\/td><td width=\"85\">80<\/td><\/tr><tr><td width=\"85\">\u0158ezan\u00ed<\/td><td width=\"85\">nen\u00ed<\/td><td width=\"85\">nen\u00ed<\/td><td width=\"85\">14 no\u017e\u016f<\/td><\/tr><tr><td width=\"85\">V\u00fd\u0161ka (m)<\/td><td width=\"85\">1,95<\/td><td width=\"85\">1,95<\/td><td width=\"85\">1,95<\/td><\/tr><tr><td width=\"85\">\u0160\u00ed\u0159ka (m)<\/td><td width=\"85\">2,4<\/td><td width=\"85\">2,4<\/td><td width=\"85\">2,4<\/td><\/tr><tr><td width=\"85\">D\u00e9lka (m)<\/td><td width=\"85\">3,6<\/td><td width=\"85\">3,6<\/td><td width=\"85\">3,6<\/td><\/tr><tr><td width=\"85\">\u0160\u00ed\u0159ka sb\u011bra\u010de (m)<\/td><td width=\"85\">2,1<\/td><td width=\"85\">2,1<\/td><td width=\"85\">2,1<\/td><\/tr><tr><td width=\"85\">Po\u010det \u0159ad palc\u016f na sb\u011bra\u010di (ks)<\/td><td width=\"85\">5<\/td><td width=\"85\">5<\/td><td width=\"85\">5<\/td><\/tr><tr><td width=\"85\">Pr\u016fm\u011br bal\u00edku (m)<\/td><td width=\"85\">1,2<\/td><td width=\"85\">1,2<\/td><td width=\"85\">1,2<\/td><\/tr><tr><td width=\"85\">Kola<\/td><td width=\"85\">11,5\/80-15,3<\/td><td width=\"85\">11,5\/80-15,3<\/td><td width=\"85\">400\/60-15,5<\/td><\/tr><tr><td width=\"85\">Spou\u0161t\u011bn\u00ed podlahy rotoru<\/td><td width=\"85\">mechanicky<\/td><td width=\"85\">mechanicky<\/td><td width=\"85\">hydraulicky<\/td><\/tr><tr><td width=\"85\">Ot\u00e1\u010dky h\u0159\u00eddele (ot\/min)<\/td><td width=\"85\">540<\/td><td width=\"85\">540<\/td><td width=\"85\">540<\/td><\/tr><\/tbody><\/table><p><a href=\"http:\/\/recarprofi.cz\/wp-content\/uploads\/2018\/07\/unia-df18v1.jpg\"><img fetchpriority=\"high\" decoding=\"async\" class=\"aligncenter wp-image-10695 size-full\" src=\"https:\/\/recarprofi.cz\/wp-content\/uploads\/2018\/07\/unia-df18v1.jpg\" alt=\"\" width=\"640\" height=\"427\" srcset=\"https:\/\/recarprofi.cz\/wp-content\/uploads\/2018\/07\/unia-df18v1.jpg 640w, https:\/\/recarprofi.cz\/wp-content\/uploads\/2018\/07\/unia-df18v1-600x400.jpg 600w, https:\/\/recarprofi.cz\/wp-content\/uploads\/2018\/07\/unia-df18v1-420x280.jpg 420w\" sizes=\"(max-width: 640px) 100vw, 640px\" \/><\/a><\/p><p><a href=\"http:\/\/recarprofi.cz\/wp-content\/uploads\/2018\/07\/unia-df18dd.jpg\"><img decoding=\"async\" class=\"aligncenter wp-image-10708 size-large\" src=\"https:\/\/recarprofi.cz\/wp-content\/uploads\/2018\/07\/unia-df18dd-1200x959.jpg\" alt=\"\" width=\"1140\" height=\"911\" srcset=\"https:\/\/recarprofi.cz\/wp-content\/uploads\/2018\/07\/unia-df18dd-1200x959.jpg 1200w, https:\/\/recarprofi.cz\/wp-content\/uploads\/2018\/07\/unia-df18dd-600x479.jpg 600w, https:\/\/recarprofi.cz\/wp-content\/uploads\/2018\/07\/unia-df18dd-420x336.jpg 420w, https:\/\/recarprofi.cz\/wp-content\/uploads\/2018\/07\/unia-df18dd-744x594.jpg 744w, https:\/\/recarprofi.cz\/wp-content\/uploads\/2018\/07\/unia-df18dd-768x614.jpg 768w, https:\/\/recarprofi.cz\/wp-content\/uploads\/2018\/07\/unia-df18dd.jpg 1920w\" sizes=\"(max-width: 1140px) 100vw, 1140px\" \/><\/a><\/p><p><a href=\"http:\/\/recarprofi.cz\/wp-content\/uploads\/2018\/07\/unia-df18vd.png\"><img loading=\"lazy\" decoding=\"async\" class=\"aligncenter wp-image-10697 size-full\" src=\"https:\/\/recarprofi.cz\/wp-content\/uploads\/2018\/07\/unia-df18vd.png\" alt=\"\" width=\"1080\" height=\"344\" srcset=\"https:\/\/recarprofi.cz\/wp-content\/uploads\/2018\/07\/unia-df18vd.png 1080w, https:\/\/recarprofi.cz\/wp-content\/uploads\/2018\/07\/unia-df18vd-600x191.png 600w, https:\/\/recarprofi.cz\/wp-content\/uploads\/2018\/07\/unia-df18vd-420x134.png 420w, https:\/\/recarprofi.cz\/wp-content\/uploads\/2018\/07\/unia-df18vd-744x237.png 744w, https:\/\/recarprofi.cz\/wp-content\/uploads\/2018\/07\/unia-df18vd-768x245.png 768w\" sizes=\"(max-width: 1080px) 100vw, 1080px\" \/><\/a><\/p><p><a href=\"http:\/\/recarprofi.cz\/wp-content\/uploads\/2018\/07\/unia-df18vd2.jpg\"><img loading=\"lazy\" decoding=\"async\" class=\"aligncenter wp-image-10699 size-large\" src=\"https:\/\/recarprofi.cz\/wp-content\/uploads\/2018\/07\/unia-df18vd2-1200x1603.jpg\" alt=\"\" width=\"1140\" height=\"1523\" srcset=\"https:\/\/recarprofi.cz\/wp-content\/uploads\/2018\/07\/unia-df18vd2-1200x1603.jpg 1200w, https:\/\/recarprofi.cz\/wp-content\/uploads\/2018\/07\/unia-df18vd2-scaled-600x802.jpg 600w, https:\/\/recarprofi.cz\/wp-content\/uploads\/2018\/07\/unia-df18vd2-420x561.jpg 420w, https:\/\/recarprofi.cz\/wp-content\/uploads\/2018\/07\/unia-df18vd2-744x994.jpg 744w, https:\/\/recarprofi.cz\/wp-content\/uploads\/2018\/07\/unia-df18vd2-768x1026.jpg 768w, https:\/\/recarprofi.cz\/wp-content\/uploads\/2018\/07\/unia-df18vd2-scaled.jpg 1916w\" sizes=\"(max-width: 1140px) 100vw, 1140px\" \/><\/a><\/p>\t\t\t\t\t\t\t\t<\/div>\n\t\t\t\t<\/div>\n\t\t\t\t\t<\/div>\n\t\t<\/div>\n\t\t\t\t\t<\/div>\n\t\t<\/section>\n\t\t\t\t<\/div>\n\t\t","protected":false},"excerpt":{"rendered":"<p>\u0158et\u011bzovo v\u00e1lcov\u00e1 komora s 8 profilovan\u00fdmi v\u00e1lci a svinovac\u00edm \u0159et\u011bzem. Sb\u00edranou hmotu odeb\u00edr\u00e1 z p\u011bti \u0159ad\u00e9ho sb\u011bra\u010de o \u0161\u00ed\u0159ce 2,1m vkl\u00e1dac\u00ed rotor \u0161roubovit\u00e9 konstrukce, co\u017e zaru\u010duje jeho rovnom\u011brn\u00e9 zat\u011b\u017eov\u00e1n\u00ed. Svinovac\u00ed komora m\u00e1 pr\u016fm\u011br 1,2m. \u0160\u00ed\u0159ka&hellip;<\/p>\n","protected":false},"author":1,"featured_media":0,"parent":2956,"menu_order":3,"comment_status":"closed","ping_status":"closed","template":"","meta":{"footnotes":""},"class_list":["post-7499","page","type-page","status-publish","hentry"],"_links":{"self":[{"href":"https:\/\/recarprofi.cz\/uvod\/wp-json\/wp\/v2\/pages\/7499","targetHints":{"allow":["GET"]}}],"collection":[{"href":"https:\/\/recarprofi.cz\/uvod\/wp-json\/wp\/v2\/pages"}],"about":[{"href":"https:\/\/recarprofi.cz\/uvod\/wp-json\/wp\/v2\/types\/page"}],"author":[{"embeddable":true,"href":"https:\/\/recarprofi.cz\/uvod\/wp-json\/wp\/v2\/users\/1"}],"replies":[{"embeddable":true,"href":"https:\/\/recarprofi.cz\/uvod\/wp-json\/wp\/v2\/comments?post=7499"}],"version-history":[{"count":23,"href":"https:\/\/recarprofi.cz\/uvod\/wp-json\/wp\/v2\/pages\/7499\/revisions"}],"predecessor-version":[{"id":21375,"href":"https:\/\/recarprofi.cz\/uvod\/wp-json\/wp\/v2\/pages\/7499\/revisions\/21375"}],"up":[{"embeddable":true,"href":"https:\/\/recarprofi.cz\/uvod\/wp-json\/wp\/v2\/pages\/2956"}],"wp:attachment":[{"href":"https:\/\/recarprofi.cz\/uvod\/wp-json\/wp\/v2\/media?parent=7499"}],"curies":[{"name":"wp","href":"https:\/\/api.w.org\/{rel}","templated":true}]}}