{"id":14607,"date":"2019-09-23T13:32:42","date_gmt":"2019-09-23T11:32:42","guid":{"rendered":"http:\/\/recarprofi.cz\/?post_type=product&#038;p=14607"},"modified":"2024-05-23T14:44:51","modified_gmt":"2024-05-23T12:44:51","slug":"fekalni-naves-pomot-t-550","status":"publish","type":"product","link":"https:\/\/recarprofi.cz\/uvod\/produkt\/fekalni-naves-pomot-t-550\/","title":{"rendered":"Fek\u00e1ln\u00ed n\u00e1v\u011bs Pomot T-550 (objem 18.000 L)"},"content":{"rendered":"<p><strong>Technick\u00e9 parametry:<\/strong><\/p>\n<p>objem 18.000 l<br \/>\nvlastn\u00ed hmotnost 5000 kg<br \/>\nhmotnost celkov\u00e1 23000 kg<br \/>\nd\u00e9lka 8150 mm<br \/>\n\u0161\u00ed\u0159ka 2800 mm<br \/>\nv\u00fd\u0161ka 3700 mm<br \/>\ntraktor 180 k<\/p>\n<p>Standardn\u00ed v\u00fdbava:<\/p>\n<p>1. N\u00e1dr\u017e<br \/>\n\u27a2 n\u00e1dr\u017e oboustrann\u011b \u017e\u00e1rov\u011b pozinkovan\u00e1<br \/>\n\u27a2 pasivace n\u00e1dr\u017ee chr\u00e1n\u00edc\u00ed pozink p\u0159ed \u00fa\u010dinky mo\u010d\u016fvky<br \/>\n\u27a2 zadn\u00ed v\u00edko \u00f8 700mm &#8211; na z\u00e1v\u011bsech<br \/>\n\u27a2 trubkov\u00fd ukazatel napln\u011bn\u00ed s pr\u016fzorem<br \/>\n\u27a2 v\u00fdpustn\u00fd ventil 1 \u00bd \u030e &#8211; v nejni\u017e\u0161\u00edm bod\u011b n\u00e1dr\u017ee<br \/>\n\u27a2 pr\u016fzor 4\u030e na zadn\u00edm \u010dele<br \/>\n\u27a2 horn\u00ed v\u00edko \u00f8 350 mm<br \/>\n\u27a2 pojistn\u00fd ventil 4 \u030e<br \/>\n\u27a2 v\u00fdpus\u0165 8 \u030e z vrchu n\u00e1dr\u017ee zaslepen\u00fd \u2013 p\u0159ipraven\u00e1 pro mont\u00e1\u017e gumov\u00e9ho nal\u00e9vac\u00edho lejku<\/p>\n<ol>\n<li>Konstrukce vozu: r\u00e1mov\u00e1<br \/>\n\u27a2 R\u00c1MOV\u00c1 &#8211; n\u00e1dr\u017e osazen\u00e1 v r\u00e1mu z uzav\u0159en\u00fdch profil\u016f<br \/>\n\u27a2 v\u00fdm\u011bnn\u00e9 ta\u017en\u00e9 oko &#8211; \u0161roubovan\u00e9 \u00f8 50 mm<br \/>\n\u27a2 mechanicky staviteln\u00e1 podp\u016frn\u00e1 noha<\/li>\n<li>N\u00e1prava tandemov\u00e1 odpru\u017een\u00e1<br \/>\n\u27a2 pneumatiky 600\/55R22,5<br \/>\n\u27a2 blatn\u00edky<br \/>\n\u27a2 pneumatick\u00e1 brzdov\u00e1 soustava dvouhadicov\u00e1 se 3 stup\u0148ovou regulac\u00ed brzdn\u00e9ho \u00fa\u010dinku<br \/>\n\u27a2 parkovac\u00ed brzda<\/li>\n<li>Kompresor \u2013 MEC9000 nebo KD10000<br \/>\n\u27a2 pohon 540 obr\/min nebo 1000 obr\/min &#8211; na p\u0159\u00e1n\u00ed<br \/>\n\u27a2 vyztu\u017een\u00e9 hadice odoln\u00e9 v\u016f\u010di tepeln\u00e9mu p\u0159eh\u0159\u00e1t\u00ed<br \/>\n\u27a2 ji\u0161t\u011bn\u00ed proti p\u0159elit\u00ed pomoc\u00ed dvoukulov\u00e9ho ventilu s pr\u016fzorem na \u0161t\u00edtu n\u00e1dr\u017ee a sifonem s pr\u016fzorem<br \/>\n\u27a2 manometr<br \/>\n\u27a2 dva bezpe\u010dnostn\u00ed ventily: p\u0159etlakov\u00fd do 0,05 MPa a podtlakov\u00fd do &#8211; 0,05 MPa<br \/>\n\u27a2 odkalova\u010d \u2013 mokr\u00fd vzduchov\u00fd filtr, tlumi\u010d hluku<\/li>\n<li>V\u00fdpustn\u00e9 ventily 6&#8243; o \u00f8 150 mm<br \/>\n\u27a2<br \/>\nhlavn\u00ed v\u00fdpustn\u00fd ventil ve v\u00edku zadn\u00edho \u010dela 6\u030e&#8220; -s hydraulick\u00fdm uzav\u00edr\u00e1n\u00edm 6&#8243;<br \/>\nve p\u0159edu z prav\u00e9 a lev\u00e9 strany \u2013 zaslepen\u00e9 p\u0159ipraven\u00e9 pro mont\u00e1\u017e ru\u010dn\u00edho ventilu<br \/>\nv zadn\u00edm \u010dele zaslepen\u00fd v\u00fdvod p\u0159ipraven\u00fd pro mont\u00e1\u017e ru\u010dn\u00edho ventilu<\/li>\n<li>Elektrick\u00e1 instalace 12V se silni\u010dn\u00edm osv\u011btlen\u00edm<\/li>\n<li>Sac\u00ed hadice 6 &#8220; (\u00f8 150 mm)<br \/>\n\u27a2 p\u0159epravn\u00ed \u00fachyty pro sac\u00ed hadice<br \/>\n\u27a2 hadice zakon\u010den\u00e1 sac\u00edm ko\u0161em \u2013 s ochranou proti nas\u00e1t\u00ed v\u011bt\u0161\u00edch element\u016f<br \/>\n\u27a2 d\u00e9lka sac\u00ed hadice 6 mb<\/li>\n<li>Rozl\u00e9vac\u00ed l\u017e\u00edce<br \/>\n\u27a2 rozst\u0159ikovac\u00ed l\u017e\u00edce typ POMOT 94, \u0161\u00ed\u0159ka rozst\u0159iku do 14 m<\/li>\n<li>Technick\u00fd pr\u016fkaz<br \/>\n\u27a2 pro provoz na pozemn\u00edch komunikac\u00edch v \u010cesk\u00e9 Republice (POVINN\u00c1 V\u00ddBAVA V \u010cR &#8211; kl\u00edny kol)<\/li>\n<\/ol>\n<p>10. Kloubov\u00fd n\u00e1hon<\/p>\n<p><strong><span style=\"color: #0000ff;\">Pro mo\u017enost dal\u0161\u00ed v\u00fdbavy kontaktujte n\u00e1s.<\/span><\/strong><\/p>\n<p><strong>Kontakt:<\/strong><\/p>\n<p><strong>info@recarprofi.cz<\/strong><\/p>\n<p><strong>tel.603 753 615<\/strong><\/p>\n","protected":false},"excerpt":{"rendered":"<p>Technick\u00e9 parametry: objem 18.000 l vlastn\u00ed hmotnost 5000 kg hmotnost celkov\u00e1 23000 kg d\u00e9lka 8150 mm \u0161\u00ed\u0159ka 2800 mm v\u00fd\u0161ka 3700 mm traktor 180 k Standardn\u00ed v\u00fdbava: 1. N\u00e1dr\u017e \u27a2 n\u00e1dr\u017e oboustrann\u011b \u017e\u00e1rov\u011b pozinkovan\u00e1 \u27a2&hellip;<\/p>\n","protected":false},"featured_media":1752,"comment_status":"closed","ping_status":"closed","template":"","meta":[],"product_brand":[],"product_cat":[74],"product_tag":[],"class_list":{"0":"post-14607","1":"product","2":"type-product","3":"status-publish","4":"has-post-thumbnail","6":"product_cat-fekalni-navesy","8":"first","9":"instock","10":"sale","11":"taxable","12":"shipping-taxable","13":"purchasable","14":"product-type-simple"},"_links":{"self":[{"href":"https:\/\/recarprofi.cz\/uvod\/wp-json\/wp\/v2\/product\/14607","targetHints":{"allow":["GET"]}}],"collection":[{"href":"https:\/\/recarprofi.cz\/uvod\/wp-json\/wp\/v2\/product"}],"about":[{"href":"https:\/\/recarprofi.cz\/uvod\/wp-json\/wp\/v2\/types\/product"}],"replies":[{"embeddable":true,"href":"https:\/\/recarprofi.cz\/uvod\/wp-json\/wp\/v2\/comments?post=14607"}],"version-history":[{"count":4,"href":"https:\/\/recarprofi.cz\/uvod\/wp-json\/wp\/v2\/product\/14607\/revisions"}],"predecessor-version":[{"id":31724,"href":"https:\/\/recarprofi.cz\/uvod\/wp-json\/wp\/v2\/product\/14607\/revisions\/31724"}],"wp:featuredmedia":[{"embeddable":true,"href":"https:\/\/recarprofi.cz\/uvod\/wp-json\/wp\/v2\/media\/1752"}],"wp:attachment":[{"href":"https:\/\/recarprofi.cz\/uvod\/wp-json\/wp\/v2\/media?parent=14607"}],"wp:term":[{"taxonomy":"product_brand","embeddable":true,"href":"https:\/\/recarprofi.cz\/uvod\/wp-json\/wp\/v2\/product_brand?post=14607"},{"taxonomy":"product_cat","embeddable":true,"href":"https:\/\/recarprofi.cz\/uvod\/wp-json\/wp\/v2\/product_cat?post=14607"},{"taxonomy":"product_tag","embeddable":true,"href":"https:\/\/recarprofi.cz\/uvod\/wp-json\/wp\/v2\/product_tag?post=14607"}],"curies":[{"name":"wp","href":"https:\/\/api.w.org\/{rel}","templated":true}]}}