{"id":14931,"date":"2019-10-01T13:21:14","date_gmt":"2019-10-01T11:21:14","guid":{"rendered":"http:\/\/recarprofi.cz\/?post_type=product&#038;p=14931"},"modified":"2022-05-04T13:51:22","modified_gmt":"2022-05-04T11:51:22","slug":"bubnovy-zaci-stroj-mewa-165","status":"publish","type":"product","link":"https:\/\/recarprofi.cz\/uvod\/produkt\/bubnovy-zaci-stroj-mewa-165\/","title":{"rendered":"Bubnov\u00fd \u017eac\u00ed stroj Mewa 1,65"},"content":{"rendered":"<p>Nesen\u00e9 rota\u010dn\u00ed bubnov\u00e9 seka\u010dky MEWA jsou vzadu nesen\u00e9. Tov\u00e1rn\u00ed nastaven\u00ed v\u00fd\u0161ky se\u010den\u00ed je 5cm, co\u017e zaru\u010duje rychl\u00e9 obr\u016fst\u00e1n\u00ed porost\u016f. M\u011bnit v\u00fd\u0161ku se\u010den\u00ed lze pomoc\u00ed distan\u010dn\u00edch podlo\u017eek. D\u00edky mo\u017enosti dokoupen\u00ed hydraulick\u00e9 vzp\u011bry je mo\u017en\u00fd transport vedle, nebo za ta\u017en\u00fdm prost\u0159edkem. P\u0159ed po\u0161kozen\u00edm p\u0159i najet\u00ed na p\u0159ek\u00e1\u017eku je seka\u010dka chr\u00e1n\u011bna pru\u017einov\u00fdm syst\u00e9mem. Dlouhou \u017eivotnost zaru\u010duj\u00ed zes\u00edlen\u00e9 kluzn\u00e9 podb\u011bhy. Zadn\u00ed seka\u010dky lze pou\u017e\u00edvat na se\u010den\u00ed svah\u016f a\u017e do sklonu 40 stup\u0148\u016f.<\/p>\n<p><strong>Standardn\u00ed v\u00fdbava:<\/strong><\/p>\n<ul>\n<li>t\u0159\u00edbodov\u00fd z\u00e1v\u011bs<\/li>\n<li>dva pracovn\u00ed bubny<\/li>\n<li>vrchn\u00ed plechov\u00fd kryt bubn\u016f<\/li>\n<li>kryc\u00ed plachta<\/li>\n<li>n\u00e1jezdov\u00e9 zabezpe\u010den\u00ed<\/li>\n<li>pracovn\u00ed z\u00e1b\u011br \u00a01,65 m<\/li>\n<li>v\u00fdkonnost \u00a01,7 ha\/hod<\/li>\n<li>po\u010det no\u017e\u016f \u00a06 ks<\/li>\n<li>ta\u017en\u00fd prost\u0159edek \u00a040 k<\/li>\n<li>hmotnost \u00a0360 kg<\/li>\n<\/ul>\n<p><strong><span style=\"color: #ff0000;\">P\u0159\u00edplatkov\u00e1 v\u00fdbava:<\/span><\/strong><\/p>\n<p><strong><span style=\"color: #ff0000;\">Zvolenou v\u00fdbavu zd\u011blte do pozn\u00e1mky.<\/span><\/strong><\/p>\n<ol>\n<li>Hydraulick\u00fd zdvih\u00a0 &#8211; 9.000,-K\u010d<\/li>\n<li>Kardan\u00a0 &#8211; 3.000,-K\u010d<\/li>\n<\/ol>\n<p>Kontakt:<\/p>\n<p>info@recarprofi.cz<\/p>\n<p>tel. 603 753 615<\/p>\n<p>&nbsp;<\/p>\n","protected":false},"excerpt":{"rendered":"<p>Nesen\u00e9 rota\u010dn\u00ed bubnov\u00e9 seka\u010dky MEWA jsou vzadu nesen\u00e9. Tov\u00e1rn\u00ed nastaven\u00ed v\u00fd\u0161ky se\u010den\u00ed je 5cm, co\u017e zaru\u010duje rychl\u00e9 obr\u016fst\u00e1n\u00ed porost\u016f. M\u011bnit v\u00fd\u0161ku se\u010den\u00ed lze pomoc\u00ed distan\u010dn\u00edch podlo\u017eek. D\u00edky mo\u017enosti dokoupen\u00ed hydraulick\u00e9 vzp\u011bry je mo\u017en\u00fd transport vedle,&hellip;<\/p>\n","protected":false},"featured_media":10649,"comment_status":"open","ping_status":"closed","template":"","meta":[],"product_brand":[],"product_cat":[76],"product_tag":[],"class_list":{"0":"post-14931","1":"product","2":"type-product","3":"status-publish","4":"has-post-thumbnail","6":"product_cat-zaci-stroje","8":"first","9":"instock","10":"taxable","11":"shipping-taxable","12":"purchasable","13":"product-type-simple"},"_links":{"self":[{"href":"https:\/\/recarprofi.cz\/uvod\/wp-json\/wp\/v2\/product\/14931","targetHints":{"allow":["GET"]}}],"collection":[{"href":"https:\/\/recarprofi.cz\/uvod\/wp-json\/wp\/v2\/product"}],"about":[{"href":"https:\/\/recarprofi.cz\/uvod\/wp-json\/wp\/v2\/types\/product"}],"replies":[{"embeddable":true,"href":"https:\/\/recarprofi.cz\/uvod\/wp-json\/wp\/v2\/comments?post=14931"}],"version-history":[{"count":1,"href":"https:\/\/recarprofi.cz\/uvod\/wp-json\/wp\/v2\/product\/14931\/revisions"}],"predecessor-version":[{"id":24438,"href":"https:\/\/recarprofi.cz\/uvod\/wp-json\/wp\/v2\/product\/14931\/revisions\/24438"}],"wp:featuredmedia":[{"embeddable":true,"href":"https:\/\/recarprofi.cz\/uvod\/wp-json\/wp\/v2\/media\/10649"}],"wp:attachment":[{"href":"https:\/\/recarprofi.cz\/uvod\/wp-json\/wp\/v2\/media?parent=14931"}],"wp:term":[{"taxonomy":"product_brand","embeddable":true,"href":"https:\/\/recarprofi.cz\/uvod\/wp-json\/wp\/v2\/product_brand?post=14931"},{"taxonomy":"product_cat","embeddable":true,"href":"https:\/\/recarprofi.cz\/uvod\/wp-json\/wp\/v2\/product_cat?post=14931"},{"taxonomy":"product_tag","embeddable":true,"href":"https:\/\/recarprofi.cz\/uvod\/wp-json\/wp\/v2\/product_tag?post=14931"}],"curies":[{"name":"wp","href":"https:\/\/api.w.org\/{rel}","templated":true}]}}